{"id":1315,"date":"2021-08-04T10:25:21","date_gmt":"2021-08-04T10:25:21","guid":{"rendered":"https:\/\/dev.ernestodafonseca.com\/?post_type=imovel&#038;p=1315"},"modified":"2023-02-14T15:57:31","modified_gmt":"2023-02-14T15:57:31","slug":"moradia-t7-quinta-monte-alentejano-piscina-covoes-avis","status":"publish","type":"imovel","link":"https:\/\/www.ernestodafonseca.com\/en\/imovel\/moradia-t7-quinta-monte-alentejano-piscina-covoes-avis\/","title":{"rendered":"Moradia T7 | Quinta Monte Alentejano | Piscina | Cov\u00f5es &#8211; Avis"},"content":{"rendered":"<p><strong>Monte Pedra do Sol<\/strong><\/p>\n<p>A 150 km de Lisboa, mas a curta dist\u00e2ncia de Avis, da Barragem do Maranh\u00e3o, do Fluvi\u00e1rio de Mora e de Alter do Ch\u00e3o, encontra este Monte tipicamente alentejano (conjunto formado por um pr\u00e9dio misto e 5 pr\u00e9dios r\u00fasticos).<\/p>\n<p><strong>Amplo, com uma \u00e1rea de 8,7ha, alberga uma casa com 528,90 m2 de \u00e1rea bruta privativa, com cinco Suites, dois quartos generosos, mais uma casa de banho, duas salas com lareira, sal\u00e3o com 100 m2, cozinha e alpendre.<\/strong><\/p>\n<p>No exterior encontramos o telheiro, o forno, a churrasqueira, o tanque de \u00e1gua para regas, o po\u00e7o, dois anexos (para lenha e para c\u00e3es) e a piscina.<\/p>\n<p>Verifica-se a exist\u00eancia de dois furos artesianos que permitem o abastecimento de \u00e1gua da casa, das regas, e da piscina. O fornecimento de energia el\u00e9trica \u00e9 obtido atrav\u00e9s da rede p\u00fablica, encontrando-se o caminho de sa\u00edda do Monte iluminado.<\/p>\n<p>A zona em redor da casa est\u00e1 ajardinada, predominantemente por plantas campestres, proporcionando uma agrad\u00e1vel paisagem envolvente.<\/p>\n<p>Ideal para explora\u00e7\u00e3o de um turismo rural ou para reunir a fam\u00edlia durante parte do ano, o terreno apresenta condi\u00e7\u00f5es agr\u00edcolas para a planta\u00e7\u00e3o de olival, vinha, pinhal ou sobreiros, para al\u00e9m de ser adequado \u00e0 pastor\u00edcia.<\/p>\n<p>O espa\u00e7o permite tamb\u00e9m a constru\u00e7\u00e3o de um campo de t\u00e9nis ou de badmington, minigolfe, circuito de manuten\u00e7\u00e3o, picadeiro e est\u00e1bulo para cavalos.<\/p>\n<p>Aqui o som do sil\u00eancio \u00e9 constante e o Monte constitui uma cativante surpresa, onde poder\u00e1 desenvolver um projeto h\u00e1 muito ambicionado. Imagine uma explora\u00e7\u00e3o tur\u00edstica enquadrada pelas ofertas interessantes das redondezas, como a Barragem do Maranh\u00e3o em Avis, a Coudelaria Real em Alter do Ch\u00e3o, ou o Fluvi\u00e1rio em Mora. Tudo isto temperado pela boa oferta gastron\u00f3mica alentejana.<\/p>\n<p>Venha conhecer este espa\u00e7o e concretize o seu sonho!<\/p>\n<p>This building is raised on a full-time basis.<\/p>","protected":false},"featured_media":1318,"parent":0,"template":"elementor_theme","meta":{"site-sidebar-layout":"default","site-content-layout":"default","ast-site-content-layout":"default","site-content-style":"default","site-sidebar-style":"default","ast-global-header-display":"","ast-banner-title-visibility":"","ast-main-header-display":"","ast-hfb-above-header-display":"","ast-hfb-below-header-display":"","ast-hfb-mobile-header-display":"","site-post-title":"","ast-breadcrumbs-content":"","ast-featured-img":"","footer-sml-layout":"","ast-disable-related-posts":"","theme-transparent-header-meta":"default","adv-header-id-meta":"","stick-header-meta":"","header-above-stick-meta":"","header-main-stick-meta":"","header-below-stick-meta":"","astra-migrate-meta-layouts":"default","ast-page-background-enabled":"default","ast-page-background-meta":{"desktop":{"background-color":"var(--ast-global-color-4)","background-image":"","background-repeat":"repeat","background-position":"center center","background-size":"auto","background-attachment":"scroll","background-type":"","background-media":"","overlay-type":"","overlay-color":"","overlay-opacity":"","overlay-gradient":""},"tablet":{"background-color":"","background-image":"","background-repeat":"repeat","background-position":"center center","background-size":"auto","background-attachment":"scroll","background-type":"","background-media":"","overlay-type":"","overlay-color":"","overlay-opacity":"","overlay-gradient":""},"mobile":{"background-color":"","background-image":"","background-repeat":"repeat","background-position":"center center","background-size":"auto","background-attachment":"scroll","background-type":"","background-media":"","overlay-type":"","overlay-color":"","overlay-opacity":"","overlay-gradient":""}},"ast-content-background-meta":{"desktop":{"background-color":"var(--ast-global-color-5)","background-image":"","background-repeat":"repeat","background-position":"center center","background-size":"auto","background-attachment":"scroll","background-type":"","background-media":"","overlay-type":"","overlay-color":"","overlay-opacity":"","overlay-gradient":""},"tablet":{"background-color":"var(--ast-global-color-5)","background-image":"","background-repeat":"repeat","background-position":"center center","background-size":"auto","background-attachment":"scroll","background-type":"","background-media":"","overlay-type":"","overlay-color":"","overlay-opacity":"","overlay-gradient":""},"mobile":{"background-color":"var(--ast-global-color-5)","background-image":"","background-repeat":"repeat","background-position":"center center","background-size":"auto","background-attachment":"scroll","background-type":"","background-media":"","overlay-type":"","overlay-color":"","overlay-opacity":"","overlay-gradient":""}}},"estado":[41],"destaque":[],"localizacao":[],"class_list":["post-1315","imovel","type-imovel","status-publish","has-post-thumbnail","hentry","estado-vendido"],"acf":[],"_links":{"self":[{"href":"https:\/\/www.ernestodafonseca.com\/en\/wp-json\/wp\/v2\/imovel\/1315","targetHints":{"allow":["GET"]}}],"collection":[{"href":"https:\/\/www.ernestodafonseca.com\/en\/wp-json\/wp\/v2\/imovel"}],"about":[{"href":"https:\/\/www.ernestodafonseca.com\/en\/wp-json\/wp\/v2\/types\/imovel"}],"version-history":[{"count":12,"href":"https:\/\/www.ernestodafonseca.com\/en\/wp-json\/wp\/v2\/imovel\/1315\/revisions"}],"predecessor-version":[{"id":4318,"href":"https:\/\/www.ernestodafonseca.com\/en\/wp-json\/wp\/v2\/imovel\/1315\/revisions\/4318"}],"wp:featuredmedia":[{"embeddable":true,"href":"https:\/\/www.ernestodafonseca.com\/en\/wp-json\/wp\/v2\/media\/1318"}],"wp:attachment":[{"href":"https:\/\/www.ernestodafonseca.com\/en\/wp-json\/wp\/v2\/media?parent=1315"}],"wp:term":[{"taxonomy":"estado","embeddable":true,"href":"https:\/\/www.ernestodafonseca.com\/en\/wp-json\/wp\/v2\/estado?post=1315"},{"taxonomy":"destaque","embeddable":true,"href":"https:\/\/www.ernestodafonseca.com\/en\/wp-json\/wp\/v2\/destaque?post=1315"},{"taxonomy":"localizacao","embeddable":true,"href":"https:\/\/www.ernestodafonseca.com\/en\/wp-json\/wp\/v2\/localizacao?post=1315"}],"curies":[{"name":"wp","href":"https:\/\/api.w.org\/{rel}","templated":true}]}}