{"id":13,"date":"2021-01-26T20:20:41","date_gmt":"2021-01-26T20:20:41","guid":{"rendered":"https:\/\/dev.ernestodafonseca.com\/?page_id=13"},"modified":"2026-02-13T13:23:59","modified_gmt":"2026-02-13T13:23:59","slug":"home","status":"publish","type":"page","link":"https:\/\/www.ernestodafonseca.com\/en\/","title":{"rendered":"Home"},"content":{"rendered":"\t\t<div data-elementor-type=\"wp-page\" data-elementor-id=\"13\" class=\"elementor elementor-13\">\n\t\t\t\t\t\t<section class=\"elementor-section elementor-top-section elementor-element elementor-element-5ea43ea elementor-section-height-full elementor-section-items-bottom elementor-section-full_width elementor-section-content-middle elementor-section-stretched elementor-section-height-default\" data-id=\"5ea43ea\" data-element_type=\"section\" data-e-type=\"section\" data-settings=\"{&quot;background_background&quot;:&quot;video&quot;,&quot;stretch_section&quot;:&quot;section-stretched&quot;,&quot;background_video_link&quot;:&quot;https:\\\/\\\/www.ernestodafonseca.com\\\/wp-content\\\/uploads\\\/2023\\\/05\\\/Ernesto_Video_homepage.mp4&quot;}\">\n\t\t\t\t\t\t\t\t<div class=\"elementor-background-video-container elementor-hidden-mobile\">\n\t\t\t\t\t\t\t\t\t\t\t\t\t<video class=\"elementor-background-video-hosted\" role=\"presentation\" autoplay muted playsinline loop><\/video>\n\t\t\t\t\t\t\t\t\t\t\t<\/div>\n\t\t\t\t\t\t\t\t<div class=\"elementor-container elementor-column-gap-default\">\n\t\t\t\t\t<div class=\"elementor-column elementor-col-50 elementor-top-column elementor-element elementor-element-a7e1547\" data-id=\"a7e1547\" data-element_type=\"column\" data-e-type=\"column\">\n\t\t\t<div class=\"elementor-widget-wrap elementor-element-populated\">\n\t\t\t\t\t\t<div class=\"elementor-element elementor-element-edbcde2 elementor-widget__width-inherit elementor-absolute ernesto-hero-title elementor-widget elementor-widget-heading\" data-id=\"edbcde2\" data-element_type=\"widget\" data-e-type=\"widget\" data-settings=\"{&quot;_position&quot;:&quot;absolute&quot;}\" data-widget_type=\"heading.default\">\n\t\t\t\t<div class=\"elementor-widget-container\">\n\t\t\t\t\t<h2 class=\"elementor-heading-title elementor-size-default\"><br>I\u2019m the \nbow tie\nguy <\/h2>\t\t\t\t<\/div>\n\t\t\t\t<\/div>\n\t\t\t\t\t<\/div>\n\t\t<\/div>\n\t\t\t\t<div class=\"elementor-column elementor-col-50 elementor-top-column elementor-element elementor-element-131350b elementor-hidden-tablet elementor-hidden-phone\" data-id=\"131350b\" data-element_type=\"column\" data-e-type=\"column\">\n\t\t\t<div class=\"elementor-widget-wrap elementor-element-populated\">\n\t\t\t\t\t\t<div class=\"elementor-element elementor-element-c53f993 elementor-widget elementor-widget-button\" data-id=\"c53f993\" data-element_type=\"widget\" data-e-type=\"widget\" data-widget_type=\"button.default\">\n\t\t\t\t<div class=\"elementor-widget-container\">\n\t\t\t\t\t\t\t\t\t<div class=\"elementor-button-wrapper\">\n\t\t\t\t\t<a class=\"elementor-button elementor-button-link elementor-size-md\" href=\"\/imoveis\">\n\t\t\t\t\t\t<span class=\"elementor-button-content-wrapper\">\n\t\t\t\t\t\t\t\t\t<span class=\"elementor-button-text\">PROCURAR IM\u00f3veis<\/span>\n\t\t\t\t\t<\/span>\n\t\t\t\t\t<\/a>\n\t\t\t\t<\/div>\n\t\t\t\t\t\t\t\t<\/div>\n\t\t\t\t<\/div>\n\t\t\t\t\t<\/div>\n\t\t<\/div>\n\t\t\t\t\t<\/div>\n\t\t<\/section>\n\t\t\t\t<section class=\"elementor-section elementor-top-section elementor-element elementor-element-0b1afcb elementor-section-stretched elementor-section-full_width elementor-hidden-desktop elementor-hidden-tablet elementor-section-height-default elementor-section-height-default\" data-id=\"0b1afcb\" data-element_type=\"section\" data-e-type=\"section\" data-settings=\"{&quot;stretch_section&quot;:&quot;section-stretched&quot;,&quot;background_background&quot;:&quot;classic&quot;}\">\n\t\t\t\t\t\t\t<div class=\"elementor-background-overlay\"><\/div>\n\t\t\t\t\t\t\t<div class=\"elementor-container elementor-column-gap-no\">\n\t\t\t\t\t<div class=\"elementor-column elementor-col-33 elementor-top-column elementor-element elementor-element-6986149\" data-id=\"6986149\" data-element_type=\"column\" data-e-type=\"column\" data-settings=\"{&quot;background_background&quot;:&quot;classic&quot;}\">\n\t\t\t<div class=\"elementor-widget-wrap\">\n\t\t\t\t\t\t\t<\/div>\n\t\t<\/div>\n\t\t\t\t<div class=\"elementor-column elementor-col-33 elementor-top-column elementor-element elementor-element-adcdde8\" data-id=\"adcdde8\" data-element_type=\"column\" data-e-type=\"column\" data-settings=\"{&quot;background_background&quot;:&quot;classic&quot;}\">\n\t\t\t<div class=\"elementor-widget-wrap elementor-element-populated\">\n\t\t\t\t\t\t<div class=\"elementor-element elementor-element-8420e21 elementor-widget elementor-widget-spacer\" data-id=\"8420e21\" data-element_type=\"widget\" data-e-type=\"widget\" data-widget_type=\"spacer.default\">\n\t\t\t\t<div class=\"elementor-widget-container\">\n\t\t\t\t\t\t\t<div class=\"elementor-spacer\">\n\t\t\t<div class=\"elementor-spacer-inner\"><\/div>\n\t\t<\/div>\n\t\t\t\t\t\t<\/div>\n\t\t\t\t<\/div>\n\t\t\t\t<div class=\"elementor-element elementor-element-c3a462f mesdag elementor-widget elementor-widget-heading\" data-id=\"c3a462f\" data-element_type=\"widget\" data-e-type=\"widget\" data-widget_type=\"heading.default\">\n\t\t\t\t<div class=\"elementor-widget-container\">\n\t\t\t\t\t<h2 class=\"elementor-heading-title elementor-size-default\">The Bow Tie Guy<\/h2>\t\t\t\t<\/div>\n\t\t\t\t<\/div>\n\t\t\t\t\t<\/div>\n\t\t<\/div>\n\t\t\t\t<div class=\"elementor-column elementor-col-33 elementor-top-column elementor-element elementor-element-b3c2525\" data-id=\"b3c2525\" data-element_type=\"column\" data-e-type=\"column\">\n\t\t\t<div class=\"elementor-widget-wrap elementor-element-populated\">\n\t\t\t\t\t\t<div class=\"elementor-element elementor-element-ab21efb elementor-widget elementor-widget-heading\" data-id=\"ab21efb\" data-element_type=\"widget\" data-e-type=\"widget\" data-widget_type=\"heading.default\">\n\t\t\t\t<div class=\"elementor-widget-container\">\n\t\t\t\t\t<h1 class=\"elementor-heading-title elementor-size-default\">Consultor imobili\u00e1rio com forma\u00e7\u00e3o BOLD\n(Business Objective: a Life by Design)<\/h1>\t\t\t\t<\/div>\n\t\t\t\t<\/div>\n\t\t\t\t<div class=\"elementor-element elementor-element-a9faf98 elementor-widget elementor-widget-text-editor\" data-id=\"a9faf98\" data-element_type=\"widget\" data-e-type=\"widget\" data-widget_type=\"text-editor.default\">\n\t\t\t\t<div class=\"elementor-widget-container\">\n\t\t\t\t\t\t\t\t\t<div><span class=\"gmail-im\">Em Janeiro de 2015 abracei o projecto da Keller Williams em Portugal e, desde ent\u00e3o, tenho estado sempre ligado \u00e0 KW \u00c1baco, em Lisboa.\n<\/span><span class=\"gmail-im\">\n<b>Capper 2018 | Capper 2019 | Capper 2020 | Capper 2021 | Capper 2022 | Capper 2023 | Capper 2024<\/b>\n<\/span><\/div>\n<div><\/div>\n<div>\n\nSer Capper \u00e9 pertencer ao restrito grupo de\u00a0<i>Top Producers\u00a0<\/i>da Keller Williams, consultores que usufruem da mais alta atribui\u00e7\u00e3o de comiss\u00e3o, sendo, por isso, um dos objetivos anuais mais ambicionados.\n\n<\/div>\n<div>O meu foco \u00e9 a plena satisfa\u00e7\u00e3o do cliente que em mim confia para a media\u00e7\u00e3o de um bem valioso.<\/div>\n<strong>Vamos trabalhar juntos?<\/strong>\t\t\t\t\t\t\t\t<\/div>\n\t\t\t\t<\/div>\n\t\t\t\t<div class=\"elementor-element elementor-element-8c71b31 elementor-mobile-align-center elementor-widget elementor-widget-button\" data-id=\"8c71b31\" data-element_type=\"widget\" data-e-type=\"widget\" data-widget_type=\"button.default\">\n\t\t\t\t<div class=\"elementor-widget-container\">\n\t\t\t\t\t\t\t\t\t<div class=\"elementor-button-wrapper\">\n\t\t\t\t\t<a class=\"elementor-button elementor-button-link elementor-size-sm\" href=\"\/acerca\">\n\t\t\t\t\t\t<span class=\"elementor-button-content-wrapper\">\n\t\t\t\t\t\t\t\t\t<span class=\"elementor-button-text\">Saber Mais<\/span>\n\t\t\t\t\t<\/span>\n\t\t\t\t\t<\/a>\n\t\t\t\t<\/div>\n\t\t\t\t\t\t\t\t<\/div>\n\t\t\t\t<\/div>\n\t\t\t\t\t<\/div>\n\t\t<\/div>\n\t\t\t\t\t<\/div>\n\t\t<\/section>\n\t\t\t\t<section class=\"elementor-section elementor-top-section elementor-element elementor-element-bc7fe71 elementor-hidden-desktop elementor-hidden-tablet elementor-section-boxed elementor-section-height-default elementor-section-height-default\" data-id=\"bc7fe71\" data-element_type=\"section\" data-e-type=\"section\" data-settings=\"{&quot;background_background&quot;:&quot;classic&quot;}\">\n\t\t\t\t\t\t<div class=\"elementor-container elementor-column-gap-default\">\n\t\t\t\t\t<div class=\"elementor-column elementor-col-100 elementor-top-column elementor-element elementor-element-9619a04\" data-id=\"9619a04\" data-element_type=\"column\" data-e-type=\"column\">\n\t\t\t<div class=\"elementor-widget-wrap elementor-element-populated\">\n\t\t\t\t\t\t<div class=\"elementor-element elementor-element-b8a6092 mesdag elementor-widget elementor-widget-heading\" data-id=\"b8a6092\" data-element_type=\"widget\" data-e-type=\"widget\" data-widget_type=\"heading.default\">\n\t\t\t\t<div class=\"elementor-widget-container\">\n\t\t\t\t\t<h2 class=\"elementor-heading-title elementor-size-default\">\u00daLTIMOS IM\u00d3VEIS<\/h2>\t\t\t\t<\/div>\n\t\t\t\t<\/div>\n\t\t\t\t<div class=\"elementor-element elementor-element-66dd281 elementor-widget-mobile__width-inherit uael-post__link-complete-yes uael-equal__height-yes uael-posts-thumbnail-ratio uael-post__cta-fullwidth-yes elementor-widget elementor-widget-uael-posts\" data-id=\"66dd281\" data-element_type=\"widget\" data-e-type=\"widget\" data-settings=\"{&quot;classic_slides_to_show&quot;:4,&quot;classic_slides_to_show_tablet&quot;:2,&quot;classic_slides_to_show_mobile&quot;:1}\" data-widget_type=\"uael-posts.classic\">\n\t\t\t\t<div class=\"elementor-widget-container\">\n\t\t\t\t\t\t\t<div class=\"uael-post__header\">\r\n\t\t\t\t\t<\/div>\r\n\t\t<div class=\"uael-post__body\">\r\n\t\t\t\r\n\t\t\r\n\t\t<div class=\"uael-blog-terms-position-media uael-post-image-top uael-post-grid uael-posts\" data-query-type=\"custom\" data-structure=\"normal\" data-layout=\"\" data-page=\"13\" data-skin=\"classic\" data-filter-default=\"\" data-offset-top=\"30\" >\r\n\r\n\t\t\t\t\t\t\t<div class=\"uael-post-grid__inner uael-post__columns-4 uael-post__columns-tablet-2 uael-post__columns-mobile-1\">\r\n\t\t\t\r\n<div class=\"uael-post-wrapper   \">\r\n\t<div class=\"uael-post__bg-wrap\">\r\n\r\n\t\t\t\t\t<a href=\"https:\/\/www.ernestodafonseca.com\/en\/imovel\/vende-se-apartamento-t3-duplex-rua-da-quinta-do-charquinho-32-lisboa\/\" target=\"_self\" class=\"uael-post__complete-box-overlay\" aria-label=\"Link Complete Box\"><\/a>\r\n\t\t\t\t\r\n\t\t<div class=\"uael-post__inner-wrap\">\r\n\r\n\t\t\t\t<div class=\"uael-post__thumbnail\">\r\n\t\t\t\r\n\t\t\t<a href=\"https:\/\/www.ernestodafonseca.com\/en\/imovel\/vende-se-apartamento-t3-duplex-rua-da-quinta-do-charquinho-32-lisboa\/\" target=\"_self\" title=\"Vende-se Apartamento, T3 Duplex, Rua da Quinta do Charquinho, 32, Lisboa\"><img fetchpriority=\"high\" decoding=\"async\" width=\"1920\" height=\"1280\" src=\"https:\/\/www.ernestodafonseca.com\/wp-content\/uploads\/2026\/04\/10.jpg\" class=\"attachment-full size-full wp-image-7506\" alt=\"\" title=\"\" srcset=\"https:\/\/www.ernestodafonseca.com\/wp-content\/uploads\/2026\/04\/10.jpg 1920w, https:\/\/www.ernestodafonseca.com\/wp-content\/uploads\/2026\/04\/10-300x200.jpg 300w, https:\/\/www.ernestodafonseca.com\/wp-content\/uploads\/2026\/04\/10-1024x683.jpg 1024w, https:\/\/www.ernestodafonseca.com\/wp-content\/uploads\/2026\/04\/10-768x512.jpg 768w, https:\/\/www.ernestodafonseca.com\/wp-content\/uploads\/2026\/04\/10-1536x1024.jpg 1536w, https:\/\/www.ernestodafonseca.com\/wp-content\/uploads\/2026\/04\/10-18x12.jpg 18w\" sizes=\"(max-width: 1920px) 100vw, 1920px\" \/><\/a>\r\n\t\t\t<span class=\"uael-post__terms\"><span class=\"uael-listing__terms-link\">Lisboa<\/span><\/span>\t\t<\/div>\r\n\t\t\r\n\t\t\t\r\n\t\t\t<div class=\"uael-post__content-wrap\">\r\n\t\t\t\t\t<h6 class=\"uael-post__title\">\r\n\r\n\t\t\r\n\t\t\t\t\t\t<a href=\"https:\/\/www.ernestodafonseca.com\/en\/imovel\/vende-se-apartamento-t3-duplex-rua-da-quinta-do-charquinho-32-lisboa\/\" target=\"_self\">\r\n\t\t\t\tVende-se Apartamento, T3 Duplex, Rua da Quinta do Charquinho, 32, Lisboa\t\t\t<\/a>\r\n\r\n\t\t\t\t<\/h6>\r\n\t\t\t\t\t<div class=\"uael-post__meta-data\">\r\n\t\t\t\t\t<\/div>\r\n\t\t\t\t\t<a class=\"uael-post__read-more elementor-button\" href=\"https:\/\/www.ernestodafonseca.com\/en\/imovel\/vende-se-apartamento-t3-duplex-rua-da-quinta-do-charquinho-32-lisboa\/\" target=\"_self\" aria-labelledby=\"uael-post-7505\">\r\n\t\t\t\t\t<span class=\"elementor-button-content-wrapper\">\r\n\t\t\t\t\t\t\t\t\t\t\t\t\t\t<span class=\"elementor-button-icon elementor-align-icon-left\">\r\n\r\n\t\t\t\t\t\t\t\t\t\r\n\t\t\t\t\t\t\t\t<\/span>\r\n\t\t\t\t\t\t\t\t\t\t\t\t\t\r\n\t\t\t\t\t\t<span class=\"elementor-button-text\" id=uael-post-7505>Leia Mais \u2192<\/span>\r\n\t\t\t\t\t<\/span>\r\n\t\t\t\t<\/a>\r\n\t\t\t\t\t\t<\/div>\r\n\t\t\t\r\n\t\t<\/div>\r\n\t\t\r\n\t<\/div>\r\n\r\n<\/div>\r\n\r\n<div class=\"uael-post-wrapper   \">\r\n\t<div class=\"uael-post__bg-wrap\">\r\n\r\n\t\t\t\t\t<a href=\"https:\/\/www.ernestodafonseca.com\/en\/imovel\/vende-se-apartamento-t2-estefania-predio-de-charme-pronto-a-usar\/\" target=\"_self\" class=\"uael-post__complete-box-overlay\" aria-label=\"Link Complete Box\"><\/a>\r\n\t\t\t\t\r\n\t\t<div class=\"uael-post__inner-wrap\">\r\n\r\n\t\t\t\t<div class=\"uael-post__thumbnail\">\r\n\t\t\t\r\n\t\t\t<a href=\"https:\/\/www.ernestodafonseca.com\/en\/imovel\/vende-se-apartamento-t2-estefania-predio-de-charme-pronto-a-usar\/\" target=\"_self\" title=\"Vende-se Apartamento T2, Estef\u00e2nia, Pr\u00e9dio de charme, Pronto a usar\"><img decoding=\"async\" width=\"1920\" height=\"1280\" src=\"https:\/\/www.ernestodafonseca.com\/wp-content\/uploads\/2026\/01\/10.jpg\" class=\"attachment-full size-full wp-image-7463\" alt=\"\" title=\"\" srcset=\"https:\/\/www.ernestodafonseca.com\/wp-content\/uploads\/2026\/01\/10.jpg 1920w, https:\/\/www.ernestodafonseca.com\/wp-content\/uploads\/2026\/01\/10-300x200.jpg 300w, https:\/\/www.ernestodafonseca.com\/wp-content\/uploads\/2026\/01\/10-1024x683.jpg 1024w, https:\/\/www.ernestodafonseca.com\/wp-content\/uploads\/2026\/01\/10-768x512.jpg 768w, https:\/\/www.ernestodafonseca.com\/wp-content\/uploads\/2026\/01\/10-1536x1024.jpg 1536w, https:\/\/www.ernestodafonseca.com\/wp-content\/uploads\/2026\/01\/10-18x12.jpg 18w\" sizes=\"(max-width: 1920px) 100vw, 1920px\" \/><\/a>\r\n\t\t\t<span class=\"uael-post__terms\"><span class=\"uael-listing__terms-link\">Lisboa<\/span><\/span>\t\t<\/div>\r\n\t\t\r\n\t\t\t\r\n\t\t\t<div class=\"uael-post__content-wrap\">\r\n\t\t\t\t\t<h6 class=\"uael-post__title\">\r\n\r\n\t\t\r\n\t\t\t\t\t\t<a href=\"https:\/\/www.ernestodafonseca.com\/en\/imovel\/vende-se-apartamento-t2-estefania-predio-de-charme-pronto-a-usar\/\" target=\"_self\">\r\n\t\t\t\tVende-se Apartamento T2, Estef\u00e2nia, Pr\u00e9dio de charme, Pronto a usar\t\t\t<\/a>\r\n\r\n\t\t\t\t<\/h6>\r\n\t\t\t\t\t<div class=\"uael-post__meta-data\">\r\n\t\t\t\t\t<\/div>\r\n\t\t\t\t\t<a class=\"uael-post__read-more elementor-button\" href=\"https:\/\/www.ernestodafonseca.com\/en\/imovel\/vende-se-apartamento-t2-estefania-predio-de-charme-pronto-a-usar\/\" target=\"_self\" aria-labelledby=\"uael-post-7462\">\r\n\t\t\t\t\t<span class=\"elementor-button-content-wrapper\">\r\n\t\t\t\t\t\t\t\t\t\t\t\t\t\t<span class=\"elementor-button-icon elementor-align-icon-left\">\r\n\r\n\t\t\t\t\t\t\t\t\t\r\n\t\t\t\t\t\t\t\t<\/span>\r\n\t\t\t\t\t\t\t\t\t\t\t\t\t\r\n\t\t\t\t\t\t<span class=\"elementor-button-text\" id=uael-post-7462>Leia Mais \u2192<\/span>\r\n\t\t\t\t\t<\/span>\r\n\t\t\t\t<\/a>\r\n\t\t\t\t\t\t<\/div>\r\n\t\t\t\r\n\t\t<\/div>\r\n\t\t\r\n\t<\/div>\r\n\r\n<\/div>\r\n\r\n<div class=\"uael-post-wrapper   \">\r\n\t<div class=\"uael-post__bg-wrap\">\r\n\r\n\t\t\t\t\t<a href=\"https:\/\/www.ernestodafonseca.com\/en\/imovel\/vende-se-no-barreiro-moradia-unifamiliar-t7-com-3-pisos-com-piscina-logradouro-garagem-e-anexos\/\" target=\"_self\" class=\"uael-post__complete-box-overlay\" aria-label=\"Link Complete Box\"><\/a>\r\n\t\t\t\t\r\n\t\t<div class=\"uael-post__inner-wrap\">\r\n\r\n\t\t\t\t<div class=\"uael-post__thumbnail\">\r\n\t\t\t\r\n\t\t\t<a href=\"https:\/\/www.ernestodafonseca.com\/en\/imovel\/vende-se-no-barreiro-moradia-unifamiliar-t7-com-3-pisos-com-piscina-logradouro-garagem-e-anexos\/\" target=\"_self\" title=\"Vende-se no Barreiro, Moradia Unifamiliar T7 com 3 pisos, com piscina, logradouro, garagem e anexos\"><img decoding=\"async\" width=\"1920\" height=\"1280\" src=\"https:\/\/www.ernestodafonseca.com\/wp-content\/uploads\/2025\/11\/10.jpg\" class=\"attachment-full size-full wp-image-7405\" alt=\"\" title=\"\" srcset=\"https:\/\/www.ernestodafonseca.com\/wp-content\/uploads\/2025\/11\/10.jpg 1920w, https:\/\/www.ernestodafonseca.com\/wp-content\/uploads\/2025\/11\/10-300x200.jpg 300w, https:\/\/www.ernestodafonseca.com\/wp-content\/uploads\/2025\/11\/10-1024x683.jpg 1024w, https:\/\/www.ernestodafonseca.com\/wp-content\/uploads\/2025\/11\/10-768x512.jpg 768w, https:\/\/www.ernestodafonseca.com\/wp-content\/uploads\/2025\/11\/10-1536x1024.jpg 1536w, https:\/\/www.ernestodafonseca.com\/wp-content\/uploads\/2025\/11\/10-18x12.jpg 18w\" sizes=\"(max-width: 1920px) 100vw, 1920px\" \/><\/a>\r\n\t\t\t<span class=\"uael-post__terms\"><span class=\"uael-listing__terms-link\">Barreiro<\/span><\/span>\t\t<\/div>\r\n\t\t\r\n\t\t\t\r\n\t\t\t<div class=\"uael-post__content-wrap\">\r\n\t\t\t\t\t<h6 class=\"uael-post__title\">\r\n\r\n\t\t\r\n\t\t\t\t\t\t<a href=\"https:\/\/www.ernestodafonseca.com\/en\/imovel\/vende-se-no-barreiro-moradia-unifamiliar-t7-com-3-pisos-com-piscina-logradouro-garagem-e-anexos\/\" target=\"_self\">\r\n\t\t\t\tVende-se no Barreiro, Moradia Unifamiliar T7 com 3 pisos, com piscina, logradouro, garagem e anexos\t\t\t<\/a>\r\n\r\n\t\t\t\t<\/h6>\r\n\t\t\t\t\t<div class=\"uael-post__meta-data\">\r\n\t\t\t\t\t<\/div>\r\n\t\t\t\t\t<a class=\"uael-post__read-more elementor-button\" href=\"https:\/\/www.ernestodafonseca.com\/en\/imovel\/vende-se-no-barreiro-moradia-unifamiliar-t7-com-3-pisos-com-piscina-logradouro-garagem-e-anexos\/\" target=\"_self\" aria-labelledby=\"uael-post-7404\">\r\n\t\t\t\t\t<span class=\"elementor-button-content-wrapper\">\r\n\t\t\t\t\t\t\t\t\t\t\t\t\t\t<span class=\"elementor-button-icon elementor-align-icon-left\">\r\n\r\n\t\t\t\t\t\t\t\t\t\r\n\t\t\t\t\t\t\t\t<\/span>\r\n\t\t\t\t\t\t\t\t\t\t\t\t\t\r\n\t\t\t\t\t\t<span class=\"elementor-button-text\" id=uael-post-7404>Leia Mais \u2192<\/span>\r\n\t\t\t\t\t<\/span>\r\n\t\t\t\t<\/a>\r\n\t\t\t\t\t\t<\/div>\r\n\t\t\t\r\n\t\t<\/div>\r\n\t\t\r\n\t<\/div>\r\n\r\n<\/div>\r\n\r\n<div class=\"uael-post-wrapper   \">\r\n\t<div class=\"uael-post__bg-wrap\">\r\n\r\n\t\t\t\t\t<a href=\"https:\/\/www.ernestodafonseca.com\/en\/imovel\/vende-se-t2-completamente-novo-lumiar-vista-soberba-garagem\/\" target=\"_self\" class=\"uael-post__complete-box-overlay\" aria-label=\"Link Complete Box\"><\/a>\r\n\t\t\t\t\r\n\t\t<div class=\"uael-post__inner-wrap\">\r\n\r\n\t\t\t\t<div class=\"uael-post__thumbnail\">\r\n\t\t\t\r\n\t\t\t<a href=\"https:\/\/www.ernestodafonseca.com\/en\/imovel\/vende-se-t2-completamente-novo-lumiar-vista-soberba-garagem\/\" target=\"_self\" title=\"Vende-se T2, completamente Novo, Lumiar, vista soberba, garagem\"><img loading=\"lazy\" decoding=\"async\" width=\"1920\" height=\"1280\" src=\"https:\/\/www.ernestodafonseca.com\/wp-content\/uploads\/2025\/10\/10.jpg\" class=\"attachment-full size-full wp-image-7362\" alt=\"\" title=\"\" srcset=\"https:\/\/www.ernestodafonseca.com\/wp-content\/uploads\/2025\/10\/10.jpg 1920w, https:\/\/www.ernestodafonseca.com\/wp-content\/uploads\/2025\/10\/10-300x200.jpg 300w, https:\/\/www.ernestodafonseca.com\/wp-content\/uploads\/2025\/10\/10-1024x683.jpg 1024w, https:\/\/www.ernestodafonseca.com\/wp-content\/uploads\/2025\/10\/10-768x512.jpg 768w, https:\/\/www.ernestodafonseca.com\/wp-content\/uploads\/2025\/10\/10-1536x1024.jpg 1536w, https:\/\/www.ernestodafonseca.com\/wp-content\/uploads\/2025\/10\/10-18x12.jpg 18w\" sizes=\"(max-width: 1920px) 100vw, 1920px\" \/><\/a>\r\n\t\t\t<span class=\"uael-post__terms\"><span class=\"uael-listing__terms-link\">Lumiar<\/span><\/span>\t\t<\/div>\r\n\t\t\r\n\t\t\t\r\n\t\t\t<div class=\"uael-post__content-wrap\">\r\n\t\t\t\t\t<h6 class=\"uael-post__title\">\r\n\r\n\t\t\r\n\t\t\t\t\t\t<a href=\"https:\/\/www.ernestodafonseca.com\/en\/imovel\/vende-se-t2-completamente-novo-lumiar-vista-soberba-garagem\/\" target=\"_self\">\r\n\t\t\t\tVende-se T2, completamente Novo, Lumiar, vista soberba, garagem\t\t\t<\/a>\r\n\r\n\t\t\t\t<\/h6>\r\n\t\t\t\t\t<div class=\"uael-post__meta-data\">\r\n\t\t\t\t\t<\/div>\r\n\t\t\t\t\t<a class=\"uael-post__read-more elementor-button\" href=\"https:\/\/www.ernestodafonseca.com\/en\/imovel\/vende-se-t2-completamente-novo-lumiar-vista-soberba-garagem\/\" target=\"_self\" aria-labelledby=\"uael-post-7361\">\r\n\t\t\t\t\t<span class=\"elementor-button-content-wrapper\">\r\n\t\t\t\t\t\t\t\t\t\t\t\t\t\t<span class=\"elementor-button-icon elementor-align-icon-left\">\r\n\r\n\t\t\t\t\t\t\t\t\t\r\n\t\t\t\t\t\t\t\t<\/span>\r\n\t\t\t\t\t\t\t\t\t\t\t\t\t\r\n\t\t\t\t\t\t<span class=\"elementor-button-text\" id=uael-post-7361>Leia Mais \u2192<\/span>\r\n\t\t\t\t\t<\/span>\r\n\t\t\t\t<\/a>\r\n\t\t\t\t\t\t<\/div>\r\n\t\t\t\r\n\t\t<\/div>\r\n\t\t\r\n\t<\/div>\r\n\r\n<\/div>\r\n\t\t\t\t<\/div>\r\n\t\t\t\t\t\t\r\n\t\t<\/div>\r\n\r\n\t\t\t\t\t\t<\/div>\r\n\t\t<div class=\"uael-post__footer\">\r\n\t\t\t\t\t<\/div>\r\n\t\t\t\t\t\t<\/div>\n\t\t\t\t<\/div>\n\t\t\t\t\t<\/div>\n\t\t<\/div>\n\t\t\t\t\t<\/div>\n\t\t<\/section>\n\t\t\t\t<section class=\"elementor-section elementor-top-section elementor-element elementor-element-e36fa88 elementor-section-stretched elementor-section-full_width elementor-reverse-tablet elementor-reverse-mobile elementor-hidden-mobile elementor-section-height-default elementor-section-height-default\" data-id=\"e36fa88\" data-element_type=\"section\" data-e-type=\"section\" data-settings=\"{&quot;stretch_section&quot;:&quot;section-stretched&quot;,&quot;background_background&quot;:&quot;classic&quot;}\">\n\t\t\t\t\t\t<div class=\"elementor-container elementor-column-gap-no\">\n\t\t\t\t\t<div class=\"elementor-column elementor-col-100 elementor-top-column elementor-element elementor-element-7c40d37\" data-id=\"7c40d37\" data-element_type=\"column\" data-e-type=\"column\" data-settings=\"{&quot;background_background&quot;:&quot;classic&quot;}\">\n\t\t\t<div class=\"elementor-widget-wrap elementor-element-populated\">\n\t\t\t\t\t\t<div class=\"elementor-element elementor-element-13f6e03 mesdag elementor-widget elementor-widget-heading\" data-id=\"13f6e03\" data-element_type=\"widget\" data-e-type=\"widget\" data-widget_type=\"heading.default\">\n\t\t\t\t<div class=\"elementor-widget-container\">\n\t\t\t\t\t<h2 class=\"elementor-heading-title elementor-size-default\">\u00daLTIMOS IM\u00d3VEIS<\/h2>\t\t\t\t<\/div>\n\t\t\t\t<\/div>\n\t\t\t\t<div class=\"elementor-element elementor-element-99de5ed elementor-align-center elementor-widget elementor-widget-button\" data-id=\"99de5ed\" data-element_type=\"widget\" data-e-type=\"widget\" data-widget_type=\"button.default\">\n\t\t\t\t<div class=\"elementor-widget-container\">\n\t\t\t\t\t\t\t\t\t<div class=\"elementor-button-wrapper\">\n\t\t\t\t\t<a class=\"elementor-button elementor-button-link elementor-size-sm\" href=\"\/imoveis\">\n\t\t\t\t\t\t<span class=\"elementor-button-content-wrapper\">\n\t\t\t\t\t\t\t\t\t<span class=\"elementor-button-text\">Ver Todos<\/span>\n\t\t\t\t\t<\/span>\n\t\t\t\t\t<\/a>\n\t\t\t\t<\/div>\n\t\t\t\t\t\t\t\t<\/div>\n\t\t\t\t<\/div>\n\t\t\t\t\t<\/div>\n\t\t<\/div>\n\t\t\t\t\t<\/div>\n\t\t<\/section>\n\t\t\t\t<section class=\"elementor-section elementor-top-section elementor-element elementor-element-58bb838 elementor-section-stretched elementor-section-full_width elementor-reverse-tablet elementor-reverse-mobile elementor-hidden-mobile elementor-section-height-default elementor-section-height-default\" data-id=\"58bb838\" data-element_type=\"section\" data-e-type=\"section\" data-settings=\"{&quot;stretch_section&quot;:&quot;section-stretched&quot;,&quot;background_background&quot;:&quot;classic&quot;}\">\n\t\t\t\t\t\t<div class=\"elementor-container elementor-column-gap-no\">\n\t\t\t\t\t<div class=\"elementor-column elementor-col-100 elementor-top-column elementor-element elementor-element-87946ef\" data-id=\"87946ef\" data-element_type=\"column\" data-e-type=\"column\" data-settings=\"{&quot;background_background&quot;:&quot;classic&quot;}\">\n\t\t\t<div class=\"elementor-widget-wrap elementor-element-populated\">\n\t\t\t\t\t\t<div class=\"elementor-element elementor-element-c164e6b elementor-widget-mobile__width-inherit uael-post__link-complete-yes uael-equal__height-yes uael-posts-thumbnail-ratio uael-post__cta-fullwidth-yes elementor-widget elementor-widget-uael-posts\" data-id=\"c164e6b\" data-element_type=\"widget\" data-e-type=\"widget\" data-settings=\"{&quot;classic_slides_to_show&quot;:4,&quot;classic_slides_to_show_tablet&quot;:2,&quot;classic_slides_to_show_mobile&quot;:1}\" data-widget_type=\"uael-posts.classic\">\n\t\t\t\t<div class=\"elementor-widget-container\">\n\t\t\t\t\t\t\t<div class=\"uael-post__header\">\r\n\t\t\t\t\t<\/div>\r\n\t\t<div class=\"uael-post__body\">\r\n\t\t\t\r\n\t\t\r\n\t\t<div class=\"uael-blog-terms-position-media uael-post-image-top uael-post-grid uael-posts\" data-query-type=\"custom\" data-structure=\"normal\" data-layout=\"\" data-page=\"13\" data-skin=\"classic\" data-filter-default=\"\" data-offset-top=\"30\" >\r\n\r\n\t\t\t\t\t\t\t<div class=\"uael-post-grid__inner uael-post__columns-4 uael-post__columns-tablet-2 uael-post__columns-mobile-1\">\r\n\t\t\t\r\n<div class=\"uael-post-wrapper   \">\r\n\t<div class=\"uael-post__bg-wrap\">\r\n\r\n\t\t\t\t\t<a href=\"https:\/\/www.ernestodafonseca.com\/en\/imovel\/vende-se-apartamento-t3-duplex-rua-da-quinta-do-charquinho-32-lisboa\/\" target=\"_self\" class=\"uael-post__complete-box-overlay\" aria-label=\"Link Complete Box\"><\/a>\r\n\t\t\t\t\r\n\t\t<div class=\"uael-post__inner-wrap\">\r\n\r\n\t\t\t\t<div class=\"uael-post__thumbnail\">\r\n\t\t\t\r\n\t\t\t<a href=\"https:\/\/www.ernestodafonseca.com\/en\/imovel\/vende-se-apartamento-t3-duplex-rua-da-quinta-do-charquinho-32-lisboa\/\" target=\"_self\" title=\"Vende-se Apartamento, T3 Duplex, Rua da Quinta do Charquinho, 32, Lisboa\"><img fetchpriority=\"high\" decoding=\"async\" width=\"1920\" height=\"1280\" src=\"https:\/\/www.ernestodafonseca.com\/wp-content\/uploads\/2026\/04\/10.jpg\" class=\"attachment-full size-full wp-image-7506\" alt=\"\" title=\"\" srcset=\"https:\/\/www.ernestodafonseca.com\/wp-content\/uploads\/2026\/04\/10.jpg 1920w, https:\/\/www.ernestodafonseca.com\/wp-content\/uploads\/2026\/04\/10-300x200.jpg 300w, https:\/\/www.ernestodafonseca.com\/wp-content\/uploads\/2026\/04\/10-1024x683.jpg 1024w, https:\/\/www.ernestodafonseca.com\/wp-content\/uploads\/2026\/04\/10-768x512.jpg 768w, https:\/\/www.ernestodafonseca.com\/wp-content\/uploads\/2026\/04\/10-1536x1024.jpg 1536w, https:\/\/www.ernestodafonseca.com\/wp-content\/uploads\/2026\/04\/10-18x12.jpg 18w\" sizes=\"(max-width: 1920px) 100vw, 1920px\" \/><\/a>\r\n\t\t\t<span class=\"uael-post__terms\"><span class=\"uael-listing__terms-link\">Lisboa<\/span><span class=\"uael-listing__terms-link\">Venda<\/span><\/span>\t\t<\/div>\r\n\t\t\r\n\t\t\t\r\n\t\t\t<div class=\"uael-post__content-wrap\">\r\n\t\t\t\t\t<h6 class=\"uael-post__title\">\r\n\r\n\t\t\r\n\t\t\t\t\t\t<a href=\"https:\/\/www.ernestodafonseca.com\/en\/imovel\/vende-se-apartamento-t3-duplex-rua-da-quinta-do-charquinho-32-lisboa\/\" target=\"_self\">\r\n\t\t\t\tVende-se Apartamento, T3 Duplex, Rua da Quinta do Charquinho, 32, Lisboa\t\t\t<\/a>\r\n\r\n\t\t\t\t<\/h6>\r\n\t\t\t\t\t<div class=\"uael-post__meta-data\">\r\n\t\t\t\t\t<\/div>\r\n\t\t\t\t\t<a class=\"uael-post__read-more elementor-button\" href=\"https:\/\/www.ernestodafonseca.com\/en\/imovel\/vende-se-apartamento-t3-duplex-rua-da-quinta-do-charquinho-32-lisboa\/\" target=\"_self\" aria-labelledby=\"uael-post-7505\">\r\n\t\t\t\t\t<span class=\"elementor-button-content-wrapper\">\r\n\t\t\t\t\t\t\t\t\t\t\t\t\t\t<span class=\"elementor-button-icon elementor-align-icon-left\">\r\n\r\n\t\t\t\t\t\t\t\t\t\r\n\t\t\t\t\t\t\t\t<\/span>\r\n\t\t\t\t\t\t\t\t\t\t\t\t\t\r\n\t\t\t\t\t\t<span class=\"elementor-button-text\" id=uael-post-7505>Leia Mais \u2192<\/span>\r\n\t\t\t\t\t<\/span>\r\n\t\t\t\t<\/a>\r\n\t\t\t\t\t\t<\/div>\r\n\t\t\t\r\n\t\t<\/div>\r\n\t\t\r\n\t<\/div>\r\n\r\n<\/div>\r\n\r\n<div class=\"uael-post-wrapper   \">\r\n\t<div class=\"uael-post__bg-wrap\">\r\n\r\n\t\t\t\t\t<a href=\"https:\/\/www.ernestodafonseca.com\/en\/imovel\/vende-se-apartamento-t2-estefania-predio-de-charme-pronto-a-usar\/\" target=\"_self\" class=\"uael-post__complete-box-overlay\" aria-label=\"Link Complete Box\"><\/a>\r\n\t\t\t\t\r\n\t\t<div class=\"uael-post__inner-wrap\">\r\n\r\n\t\t\t\t<div class=\"uael-post__thumbnail\">\r\n\t\t\t\r\n\t\t\t<a href=\"https:\/\/www.ernestodafonseca.com\/en\/imovel\/vende-se-apartamento-t2-estefania-predio-de-charme-pronto-a-usar\/\" target=\"_self\" title=\"Vende-se Apartamento T2, Estef\u00e2nia, Pr\u00e9dio de charme, Pronto a usar\"><img decoding=\"async\" width=\"1920\" height=\"1280\" src=\"https:\/\/www.ernestodafonseca.com\/wp-content\/uploads\/2026\/01\/10.jpg\" class=\"attachment-full size-full wp-image-7463\" alt=\"\" title=\"\" srcset=\"https:\/\/www.ernestodafonseca.com\/wp-content\/uploads\/2026\/01\/10.jpg 1920w, https:\/\/www.ernestodafonseca.com\/wp-content\/uploads\/2026\/01\/10-300x200.jpg 300w, https:\/\/www.ernestodafonseca.com\/wp-content\/uploads\/2026\/01\/10-1024x683.jpg 1024w, https:\/\/www.ernestodafonseca.com\/wp-content\/uploads\/2026\/01\/10-768x512.jpg 768w, https:\/\/www.ernestodafonseca.com\/wp-content\/uploads\/2026\/01\/10-1536x1024.jpg 1536w, https:\/\/www.ernestodafonseca.com\/wp-content\/uploads\/2026\/01\/10-18x12.jpg 18w\" sizes=\"(max-width: 1920px) 100vw, 1920px\" \/><\/a>\r\n\t\t\t<span class=\"uael-post__terms\"><span class=\"uael-listing__terms-link\">Lisboa<\/span><span class=\"uael-listing__terms-link\">Venda<\/span><\/span>\t\t<\/div>\r\n\t\t\r\n\t\t\t\r\n\t\t\t<div class=\"uael-post__content-wrap\">\r\n\t\t\t\t\t<h6 class=\"uael-post__title\">\r\n\r\n\t\t\r\n\t\t\t\t\t\t<a href=\"https:\/\/www.ernestodafonseca.com\/en\/imovel\/vende-se-apartamento-t2-estefania-predio-de-charme-pronto-a-usar\/\" target=\"_self\">\r\n\t\t\t\tVende-se Apartamento T2, Estef\u00e2nia, Pr\u00e9dio de charme, Pronto a usar\t\t\t<\/a>\r\n\r\n\t\t\t\t<\/h6>\r\n\t\t\t\t\t<div class=\"uael-post__meta-data\">\r\n\t\t\t\t\t<\/div>\r\n\t\t\t\t\t<a class=\"uael-post__read-more elementor-button\" href=\"https:\/\/www.ernestodafonseca.com\/en\/imovel\/vende-se-apartamento-t2-estefania-predio-de-charme-pronto-a-usar\/\" target=\"_self\" aria-labelledby=\"uael-post-7462\">\r\n\t\t\t\t\t<span class=\"elementor-button-content-wrapper\">\r\n\t\t\t\t\t\t\t\t\t\t\t\t\t\t<span class=\"elementor-button-icon elementor-align-icon-left\">\r\n\r\n\t\t\t\t\t\t\t\t\t\r\n\t\t\t\t\t\t\t\t<\/span>\r\n\t\t\t\t\t\t\t\t\t\t\t\t\t\r\n\t\t\t\t\t\t<span class=\"elementor-button-text\" id=uael-post-7462>Leia Mais \u2192<\/span>\r\n\t\t\t\t\t<\/span>\r\n\t\t\t\t<\/a>\r\n\t\t\t\t\t\t<\/div>\r\n\t\t\t\r\n\t\t<\/div>\r\n\t\t\r\n\t<\/div>\r\n\r\n<\/div>\r\n\r\n<div class=\"uael-post-wrapper   \">\r\n\t<div class=\"uael-post__bg-wrap\">\r\n\r\n\t\t\t\t\t<a href=\"https:\/\/www.ernestodafonseca.com\/en\/imovel\/vende-se-no-barreiro-moradia-unifamiliar-t7-com-3-pisos-com-piscina-logradouro-garagem-e-anexos\/\" target=\"_self\" class=\"uael-post__complete-box-overlay\" aria-label=\"Link Complete Box\"><\/a>\r\n\t\t\t\t\r\n\t\t<div class=\"uael-post__inner-wrap\">\r\n\r\n\t\t\t\t<div class=\"uael-post__thumbnail\">\r\n\t\t\t\r\n\t\t\t<a href=\"https:\/\/www.ernestodafonseca.com\/en\/imovel\/vende-se-no-barreiro-moradia-unifamiliar-t7-com-3-pisos-com-piscina-logradouro-garagem-e-anexos\/\" target=\"_self\" title=\"Vende-se no Barreiro, Moradia Unifamiliar T7 com 3 pisos, com piscina, logradouro, garagem e anexos\"><img decoding=\"async\" width=\"1920\" height=\"1280\" src=\"https:\/\/www.ernestodafonseca.com\/wp-content\/uploads\/2025\/11\/10.jpg\" class=\"attachment-full size-full wp-image-7405\" alt=\"\" title=\"\" srcset=\"https:\/\/www.ernestodafonseca.com\/wp-content\/uploads\/2025\/11\/10.jpg 1920w, https:\/\/www.ernestodafonseca.com\/wp-content\/uploads\/2025\/11\/10-300x200.jpg 300w, https:\/\/www.ernestodafonseca.com\/wp-content\/uploads\/2025\/11\/10-1024x683.jpg 1024w, https:\/\/www.ernestodafonseca.com\/wp-content\/uploads\/2025\/11\/10-768x512.jpg 768w, https:\/\/www.ernestodafonseca.com\/wp-content\/uploads\/2025\/11\/10-1536x1024.jpg 1536w, https:\/\/www.ernestodafonseca.com\/wp-content\/uploads\/2025\/11\/10-18x12.jpg 18w\" sizes=\"(max-width: 1920px) 100vw, 1920px\" \/><\/a>\r\n\t\t\t<span class=\"uael-post__terms\"><span class=\"uael-listing__terms-link\">Barreiro<\/span><span class=\"uael-listing__terms-link\">Venda<\/span><\/span>\t\t<\/div>\r\n\t\t\r\n\t\t\t\r\n\t\t\t<div class=\"uael-post__content-wrap\">\r\n\t\t\t\t\t<h6 class=\"uael-post__title\">\r\n\r\n\t\t\r\n\t\t\t\t\t\t<a href=\"https:\/\/www.ernestodafonseca.com\/en\/imovel\/vende-se-no-barreiro-moradia-unifamiliar-t7-com-3-pisos-com-piscina-logradouro-garagem-e-anexos\/\" target=\"_self\">\r\n\t\t\t\tVende-se no Barreiro, Moradia Unifamiliar T7 com 3 pisos, com piscina, logradouro, garagem e anexos\t\t\t<\/a>\r\n\r\n\t\t\t\t<\/h6>\r\n\t\t\t\t\t<div class=\"uael-post__meta-data\">\r\n\t\t\t\t\t<\/div>\r\n\t\t\t\t\t<a class=\"uael-post__read-more elementor-button\" href=\"https:\/\/www.ernestodafonseca.com\/en\/imovel\/vende-se-no-barreiro-moradia-unifamiliar-t7-com-3-pisos-com-piscina-logradouro-garagem-e-anexos\/\" target=\"_self\" aria-labelledby=\"uael-post-7404\">\r\n\t\t\t\t\t<span class=\"elementor-button-content-wrapper\">\r\n\t\t\t\t\t\t\t\t\t\t\t\t\t\t<span class=\"elementor-button-icon elementor-align-icon-left\">\r\n\r\n\t\t\t\t\t\t\t\t\t\r\n\t\t\t\t\t\t\t\t<\/span>\r\n\t\t\t\t\t\t\t\t\t\t\t\t\t\r\n\t\t\t\t\t\t<span class=\"elementor-button-text\" id=uael-post-7404>Leia Mais \u2192<\/span>\r\n\t\t\t\t\t<\/span>\r\n\t\t\t\t<\/a>\r\n\t\t\t\t\t\t<\/div>\r\n\t\t\t\r\n\t\t<\/div>\r\n\t\t\r\n\t<\/div>\r\n\r\n<\/div>\r\n\r\n<div class=\"uael-post-wrapper   \">\r\n\t<div class=\"uael-post__bg-wrap\">\r\n\r\n\t\t\t\t\t<a href=\"https:\/\/www.ernestodafonseca.com\/en\/imovel\/vende-se-escritorio-edificio-espaco-chiado-vista-rio-estacionamento-renovado\/\" target=\"_self\" class=\"uael-post__complete-box-overlay\" aria-label=\"Link Complete Box\"><\/a>\r\n\t\t\t\t\r\n\t\t<div class=\"uael-post__inner-wrap\">\r\n\r\n\t\t\t\t<div class=\"uael-post__thumbnail\">\r\n\t\t\t\r\n\t\t\t<a href=\"https:\/\/www.ernestodafonseca.com\/en\/imovel\/vende-se-escritorio-edificio-espaco-chiado-vista-rio-estacionamento-renovado\/\" target=\"_self\" title=\"Vende-se Escrit\u00f3rio Edif\u00edcio Espa\u00e7o Chiado, Vista Rio, estacionamento, renovado\"><img loading=\"lazy\" decoding=\"async\" width=\"1920\" height=\"1280\" src=\"https:\/\/www.ernestodafonseca.com\/wp-content\/uploads\/2025\/04\/10.jpg\" class=\"attachment-full size-full wp-image-7021\" alt=\"\" title=\"\" srcset=\"https:\/\/www.ernestodafonseca.com\/wp-content\/uploads\/2025\/04\/10.jpg 1920w, https:\/\/www.ernestodafonseca.com\/wp-content\/uploads\/2025\/04\/10-300x200.jpg 300w, https:\/\/www.ernestodafonseca.com\/wp-content\/uploads\/2025\/04\/10-1024x683.jpg 1024w, https:\/\/www.ernestodafonseca.com\/wp-content\/uploads\/2025\/04\/10-768x512.jpg 768w, https:\/\/www.ernestodafonseca.com\/wp-content\/uploads\/2025\/04\/10-1536x1024.jpg 1536w\" sizes=\"(max-width: 1920px) 100vw, 1920px\" \/><\/a>\r\n\t\t\t<span class=\"uael-post__terms\"><span class=\"uael-listing__terms-link\">Lisboa<\/span><span class=\"uael-listing__terms-link\">Venda<\/span><\/span>\t\t<\/div>\r\n\t\t\r\n\t\t\t\r\n\t\t\t<div class=\"uael-post__content-wrap\">\r\n\t\t\t\t\t<h6 class=\"uael-post__title\">\r\n\r\n\t\t\r\n\t\t\t\t\t\t<a href=\"https:\/\/www.ernestodafonseca.com\/en\/imovel\/vende-se-escritorio-edificio-espaco-chiado-vista-rio-estacionamento-renovado\/\" target=\"_self\">\r\n\t\t\t\tVende-se Escrit\u00f3rio Edif\u00edcio Espa\u00e7o Chiado, Vista Rio, estacionamento, renovado\t\t\t<\/a>\r\n\r\n\t\t\t\t<\/h6>\r\n\t\t\t\t\t<div class=\"uael-post__meta-data\">\r\n\t\t\t\t\t<\/div>\r\n\t\t\t\t\t<a class=\"uael-post__read-more elementor-button\" href=\"https:\/\/www.ernestodafonseca.com\/en\/imovel\/vende-se-escritorio-edificio-espaco-chiado-vista-rio-estacionamento-renovado\/\" target=\"_self\" aria-labelledby=\"uael-post-7020\">\r\n\t\t\t\t\t<span class=\"elementor-button-content-wrapper\">\r\n\t\t\t\t\t\t\t\t\t\t\t\t\t\t<span class=\"elementor-button-icon elementor-align-icon-left\">\r\n\r\n\t\t\t\t\t\t\t\t\t\r\n\t\t\t\t\t\t\t\t<\/span>\r\n\t\t\t\t\t\t\t\t\t\t\t\t\t\r\n\t\t\t\t\t\t<span class=\"elementor-button-text\" id=uael-post-7020>Leia Mais \u2192<\/span>\r\n\t\t\t\t\t<\/span>\r\n\t\t\t\t<\/a>\r\n\t\t\t\t\t\t<\/div>\r\n\t\t\t\r\n\t\t<\/div>\r\n\t\t\r\n\t<\/div>\r\n\r\n<\/div>\r\n\t\t\t\t<\/div>\r\n\t\t\t\t\t\t\r\n\t\t<\/div>\r\n\r\n\t\t\t\t\t\t<\/div>\r\n\t\t<div class=\"uael-post__footer\">\r\n\t\t\t\t\t<\/div>\r\n\t\t\t\t\t\t<\/div>\n\t\t\t\t<\/div>\n\t\t\t\t<div class=\"elementor-element elementor-element-2d91f9e elementor-widget-mobile__width-inherit uael-post__link-complete-yes uael-equal__height-yes uael-posts-thumbnail-ratio uael-post__cta-fullwidth-yes elementor-hidden-desktop elementor-hidden-tablet elementor-widget elementor-widget-uael-posts\" data-id=\"2d91f9e\" data-element_type=\"widget\" data-e-type=\"widget\" data-settings=\"{&quot;classic_slides_to_show&quot;:4,&quot;classic_slides_to_show_tablet&quot;:2,&quot;classic_slides_to_show_mobile&quot;:1}\" data-widget_type=\"uael-posts.classic\">\n\t\t\t\t<div class=\"elementor-widget-container\">\n\t\t\t\t\t\t\t<div class=\"uael-post__header\">\r\n\t\t\t\t\t<\/div>\r\n\t\t<div class=\"uael-post__body\">\r\n\t\t\t\r\n\t\t\r\n\t\t<div class=\"uael-blog-terms-position-media uael-post-image-top uael-post-grid uael-posts\" data-query-type=\"custom\" data-structure=\"normal\" data-layout=\"\" data-page=\"13\" data-skin=\"classic\" data-filter-default=\"\" data-offset-top=\"30\" >\r\n\r\n\t\t\t\t\t\t\t<div class=\"uael-post-grid__inner uael-post__columns-4 uael-post__columns-tablet-2 uael-post__columns-mobile-1\">\r\n\t\t\t\r\n<div class=\"uael-post-wrapper   \">\r\n\t<div class=\"uael-post__bg-wrap\">\r\n\r\n\t\t\t\t\t<a href=\"https:\/\/www.ernestodafonseca.com\/en\/imovel\/vende-se-apartamento-t3-duplex-rua-da-quinta-do-charquinho-32-lisboa\/\" target=\"_self\" class=\"uael-post__complete-box-overlay\" aria-label=\"Link Complete Box\"><\/a>\r\n\t\t\t\t\r\n\t\t<div class=\"uael-post__inner-wrap\">\r\n\r\n\t\t\t\t<div class=\"uael-post__thumbnail\">\r\n\t\t\t\r\n\t\t\t<a href=\"https:\/\/www.ernestodafonseca.com\/en\/imovel\/vende-se-apartamento-t3-duplex-rua-da-quinta-do-charquinho-32-lisboa\/\" target=\"_self\" title=\"Vende-se Apartamento, T3 Duplex, Rua da Quinta do Charquinho, 32, Lisboa\"><img fetchpriority=\"high\" decoding=\"async\" width=\"1920\" height=\"1280\" src=\"https:\/\/www.ernestodafonseca.com\/wp-content\/uploads\/2026\/04\/10.jpg\" class=\"attachment-full size-full wp-image-7506\" alt=\"\" title=\"\" srcset=\"https:\/\/www.ernestodafonseca.com\/wp-content\/uploads\/2026\/04\/10.jpg 1920w, https:\/\/www.ernestodafonseca.com\/wp-content\/uploads\/2026\/04\/10-300x200.jpg 300w, https:\/\/www.ernestodafonseca.com\/wp-content\/uploads\/2026\/04\/10-1024x683.jpg 1024w, https:\/\/www.ernestodafonseca.com\/wp-content\/uploads\/2026\/04\/10-768x512.jpg 768w, https:\/\/www.ernestodafonseca.com\/wp-content\/uploads\/2026\/04\/10-1536x1024.jpg 1536w, https:\/\/www.ernestodafonseca.com\/wp-content\/uploads\/2026\/04\/10-18x12.jpg 18w\" sizes=\"(max-width: 1920px) 100vw, 1920px\" \/><\/a>\r\n\t\t\t<span class=\"uael-post__terms\"><span class=\"uael-listing__terms-link\">Lisboa<\/span><\/span>\t\t<\/div>\r\n\t\t\r\n\t\t\t\r\n\t\t\t<div class=\"uael-post__content-wrap\">\r\n\t\t\t\t\t<h6 class=\"uael-post__title\">\r\n\r\n\t\t\r\n\t\t\t\t\t\t<a href=\"https:\/\/www.ernestodafonseca.com\/en\/imovel\/vende-se-apartamento-t3-duplex-rua-da-quinta-do-charquinho-32-lisboa\/\" target=\"_self\">\r\n\t\t\t\tVende-se Apartamento, T3 Duplex, Rua da Quinta do Charquinho, 32, Lisboa\t\t\t<\/a>\r\n\r\n\t\t\t\t<\/h6>\r\n\t\t\t\t\t<div class=\"uael-post__meta-data\">\r\n\t\t\t\t\t<\/div>\r\n\t\t\t\t\t<a class=\"uael-post__read-more elementor-button\" href=\"https:\/\/www.ernestodafonseca.com\/en\/imovel\/vende-se-apartamento-t3-duplex-rua-da-quinta-do-charquinho-32-lisboa\/\" target=\"_self\" aria-labelledby=\"uael-post-7505\">\r\n\t\t\t\t\t<span class=\"elementor-button-content-wrapper\">\r\n\t\t\t\t\t\t\t\t\t\t\t\t\t\t<span class=\"elementor-button-icon elementor-align-icon-left\">\r\n\r\n\t\t\t\t\t\t\t\t\t\r\n\t\t\t\t\t\t\t\t<\/span>\r\n\t\t\t\t\t\t\t\t\t\t\t\t\t\r\n\t\t\t\t\t\t<span class=\"elementor-button-text\" id=uael-post-7505>Leia Mais \u2192<\/span>\r\n\t\t\t\t\t<\/span>\r\n\t\t\t\t<\/a>\r\n\t\t\t\t\t\t<\/div>\r\n\t\t\t\r\n\t\t<\/div>\r\n\t\t\r\n\t<\/div>\r\n\r\n<\/div>\r\n\r\n<div class=\"uael-post-wrapper   \">\r\n\t<div class=\"uael-post__bg-wrap\">\r\n\r\n\t\t\t\t\t<a href=\"https:\/\/www.ernestodafonseca.com\/en\/imovel\/vende-se-apartamento-t2-estefania-predio-de-charme-pronto-a-usar\/\" target=\"_self\" class=\"uael-post__complete-box-overlay\" aria-label=\"Link Complete Box\"><\/a>\r\n\t\t\t\t\r\n\t\t<div class=\"uael-post__inner-wrap\">\r\n\r\n\t\t\t\t<div class=\"uael-post__thumbnail\">\r\n\t\t\t\r\n\t\t\t<a href=\"https:\/\/www.ernestodafonseca.com\/en\/imovel\/vende-se-apartamento-t2-estefania-predio-de-charme-pronto-a-usar\/\" target=\"_self\" title=\"Vende-se Apartamento T2, Estef\u00e2nia, Pr\u00e9dio de charme, Pronto a usar\"><img decoding=\"async\" width=\"1920\" height=\"1280\" src=\"https:\/\/www.ernestodafonseca.com\/wp-content\/uploads\/2026\/01\/10.jpg\" class=\"attachment-full size-full wp-image-7463\" alt=\"\" title=\"\" srcset=\"https:\/\/www.ernestodafonseca.com\/wp-content\/uploads\/2026\/01\/10.jpg 1920w, https:\/\/www.ernestodafonseca.com\/wp-content\/uploads\/2026\/01\/10-300x200.jpg 300w, https:\/\/www.ernestodafonseca.com\/wp-content\/uploads\/2026\/01\/10-1024x683.jpg 1024w, https:\/\/www.ernestodafonseca.com\/wp-content\/uploads\/2026\/01\/10-768x512.jpg 768w, https:\/\/www.ernestodafonseca.com\/wp-content\/uploads\/2026\/01\/10-1536x1024.jpg 1536w, https:\/\/www.ernestodafonseca.com\/wp-content\/uploads\/2026\/01\/10-18x12.jpg 18w\" sizes=\"(max-width: 1920px) 100vw, 1920px\" \/><\/a>\r\n\t\t\t<span class=\"uael-post__terms\"><span class=\"uael-listing__terms-link\">Lisboa<\/span><\/span>\t\t<\/div>\r\n\t\t\r\n\t\t\t\r\n\t\t\t<div class=\"uael-post__content-wrap\">\r\n\t\t\t\t\t<h6 class=\"uael-post__title\">\r\n\r\n\t\t\r\n\t\t\t\t\t\t<a href=\"https:\/\/www.ernestodafonseca.com\/en\/imovel\/vende-se-apartamento-t2-estefania-predio-de-charme-pronto-a-usar\/\" target=\"_self\">\r\n\t\t\t\tVende-se Apartamento T2, Estef\u00e2nia, Pr\u00e9dio de charme, Pronto a usar\t\t\t<\/a>\r\n\r\n\t\t\t\t<\/h6>\r\n\t\t\t\t\t<div class=\"uael-post__meta-data\">\r\n\t\t\t\t\t<\/div>\r\n\t\t\t\t\t<a class=\"uael-post__read-more elementor-button\" href=\"https:\/\/www.ernestodafonseca.com\/en\/imovel\/vende-se-apartamento-t2-estefania-predio-de-charme-pronto-a-usar\/\" target=\"_self\" aria-labelledby=\"uael-post-7462\">\r\n\t\t\t\t\t<span class=\"elementor-button-content-wrapper\">\r\n\t\t\t\t\t\t\t\t\t\t\t\t\t\t<span class=\"elementor-button-icon elementor-align-icon-left\">\r\n\r\n\t\t\t\t\t\t\t\t\t\r\n\t\t\t\t\t\t\t\t<\/span>\r\n\t\t\t\t\t\t\t\t\t\t\t\t\t\r\n\t\t\t\t\t\t<span class=\"elementor-button-text\" id=uael-post-7462>Leia Mais \u2192<\/span>\r\n\t\t\t\t\t<\/span>\r\n\t\t\t\t<\/a>\r\n\t\t\t\t\t\t<\/div>\r\n\t\t\t\r\n\t\t<\/div>\r\n\t\t\r\n\t<\/div>\r\n\r\n<\/div>\r\n\r\n<div class=\"uael-post-wrapper   \">\r\n\t<div class=\"uael-post__bg-wrap\">\r\n\r\n\t\t\t\t\t<a href=\"https:\/\/www.ernestodafonseca.com\/en\/imovel\/vende-se-no-barreiro-moradia-unifamiliar-t7-com-3-pisos-com-piscina-logradouro-garagem-e-anexos\/\" target=\"_self\" class=\"uael-post__complete-box-overlay\" aria-label=\"Link Complete Box\"><\/a>\r\n\t\t\t\t\r\n\t\t<div class=\"uael-post__inner-wrap\">\r\n\r\n\t\t\t\t<div class=\"uael-post__thumbnail\">\r\n\t\t\t\r\n\t\t\t<a href=\"https:\/\/www.ernestodafonseca.com\/en\/imovel\/vende-se-no-barreiro-moradia-unifamiliar-t7-com-3-pisos-com-piscina-logradouro-garagem-e-anexos\/\" target=\"_self\" title=\"Vende-se no Barreiro, Moradia Unifamiliar T7 com 3 pisos, com piscina, logradouro, garagem e anexos\"><img decoding=\"async\" width=\"1920\" height=\"1280\" src=\"https:\/\/www.ernestodafonseca.com\/wp-content\/uploads\/2025\/11\/10.jpg\" class=\"attachment-full size-full wp-image-7405\" alt=\"\" title=\"\" srcset=\"https:\/\/www.ernestodafonseca.com\/wp-content\/uploads\/2025\/11\/10.jpg 1920w, https:\/\/www.ernestodafonseca.com\/wp-content\/uploads\/2025\/11\/10-300x200.jpg 300w, https:\/\/www.ernestodafonseca.com\/wp-content\/uploads\/2025\/11\/10-1024x683.jpg 1024w, https:\/\/www.ernestodafonseca.com\/wp-content\/uploads\/2025\/11\/10-768x512.jpg 768w, https:\/\/www.ernestodafonseca.com\/wp-content\/uploads\/2025\/11\/10-1536x1024.jpg 1536w, https:\/\/www.ernestodafonseca.com\/wp-content\/uploads\/2025\/11\/10-18x12.jpg 18w\" sizes=\"(max-width: 1920px) 100vw, 1920px\" \/><\/a>\r\n\t\t\t<span class=\"uael-post__terms\"><span class=\"uael-listing__terms-link\">Barreiro<\/span><\/span>\t\t<\/div>\r\n\t\t\r\n\t\t\t\r\n\t\t\t<div class=\"uael-post__content-wrap\">\r\n\t\t\t\t\t<h6 class=\"uael-post__title\">\r\n\r\n\t\t\r\n\t\t\t\t\t\t<a href=\"https:\/\/www.ernestodafonseca.com\/en\/imovel\/vende-se-no-barreiro-moradia-unifamiliar-t7-com-3-pisos-com-piscina-logradouro-garagem-e-anexos\/\" target=\"_self\">\r\n\t\t\t\tVende-se no Barreiro, Moradia Unifamiliar T7 com 3 pisos, com piscina, logradouro, garagem e anexos\t\t\t<\/a>\r\n\r\n\t\t\t\t<\/h6>\r\n\t\t\t\t\t<div class=\"uael-post__meta-data\">\r\n\t\t\t\t\t<\/div>\r\n\t\t\t\t\t<a class=\"uael-post__read-more elementor-button\" href=\"https:\/\/www.ernestodafonseca.com\/en\/imovel\/vende-se-no-barreiro-moradia-unifamiliar-t7-com-3-pisos-com-piscina-logradouro-garagem-e-anexos\/\" target=\"_self\" aria-labelledby=\"uael-post-7404\">\r\n\t\t\t\t\t<span class=\"elementor-button-content-wrapper\">\r\n\t\t\t\t\t\t\t\t\t\t\t\t\t\t<span class=\"elementor-button-icon elementor-align-icon-left\">\r\n\r\n\t\t\t\t\t\t\t\t\t\r\n\t\t\t\t\t\t\t\t<\/span>\r\n\t\t\t\t\t\t\t\t\t\t\t\t\t\r\n\t\t\t\t\t\t<span class=\"elementor-button-text\" id=uael-post-7404>Leia Mais \u2192<\/span>\r\n\t\t\t\t\t<\/span>\r\n\t\t\t\t<\/a>\r\n\t\t\t\t\t\t<\/div>\r\n\t\t\t\r\n\t\t<\/div>\r\n\t\t\r\n\t<\/div>\r\n\r\n<\/div>\r\n\r\n<div class=\"uael-post-wrapper   \">\r\n\t<div class=\"uael-post__bg-wrap\">\r\n\r\n\t\t\t\t\t<a href=\"https:\/\/www.ernestodafonseca.com\/en\/imovel\/vende-se-t2-completamente-novo-lumiar-vista-soberba-garagem\/\" target=\"_self\" class=\"uael-post__complete-box-overlay\" aria-label=\"Link Complete Box\"><\/a>\r\n\t\t\t\t\r\n\t\t<div class=\"uael-post__inner-wrap\">\r\n\r\n\t\t\t\t<div class=\"uael-post__thumbnail\">\r\n\t\t\t\r\n\t\t\t<a href=\"https:\/\/www.ernestodafonseca.com\/en\/imovel\/vende-se-t2-completamente-novo-lumiar-vista-soberba-garagem\/\" target=\"_self\" title=\"Vende-se T2, completamente Novo, Lumiar, vista soberba, garagem\"><img loading=\"lazy\" decoding=\"async\" width=\"1920\" height=\"1280\" src=\"https:\/\/www.ernestodafonseca.com\/wp-content\/uploads\/2025\/10\/10.jpg\" class=\"attachment-full size-full wp-image-7362\" alt=\"\" title=\"\" srcset=\"https:\/\/www.ernestodafonseca.com\/wp-content\/uploads\/2025\/10\/10.jpg 1920w, https:\/\/www.ernestodafonseca.com\/wp-content\/uploads\/2025\/10\/10-300x200.jpg 300w, https:\/\/www.ernestodafonseca.com\/wp-content\/uploads\/2025\/10\/10-1024x683.jpg 1024w, https:\/\/www.ernestodafonseca.com\/wp-content\/uploads\/2025\/10\/10-768x512.jpg 768w, https:\/\/www.ernestodafonseca.com\/wp-content\/uploads\/2025\/10\/10-1536x1024.jpg 1536w, https:\/\/www.ernestodafonseca.com\/wp-content\/uploads\/2025\/10\/10-18x12.jpg 18w\" sizes=\"(max-width: 1920px) 100vw, 1920px\" \/><\/a>\r\n\t\t\t<span class=\"uael-post__terms\"><span class=\"uael-listing__terms-link\">Lumiar<\/span><\/span>\t\t<\/div>\r\n\t\t\r\n\t\t\t\r\n\t\t\t<div class=\"uael-post__content-wrap\">\r\n\t\t\t\t\t<h6 class=\"uael-post__title\">\r\n\r\n\t\t\r\n\t\t\t\t\t\t<a href=\"https:\/\/www.ernestodafonseca.com\/en\/imovel\/vende-se-t2-completamente-novo-lumiar-vista-soberba-garagem\/\" target=\"_self\">\r\n\t\t\t\tVende-se T2, completamente Novo, Lumiar, vista soberba, garagem\t\t\t<\/a>\r\n\r\n\t\t\t\t<\/h6>\r\n\t\t\t\t\t<div class=\"uael-post__meta-data\">\r\n\t\t\t\t\t<\/div>\r\n\t\t\t\t\t<a class=\"uael-post__read-more elementor-button\" href=\"https:\/\/www.ernestodafonseca.com\/en\/imovel\/vende-se-t2-completamente-novo-lumiar-vista-soberba-garagem\/\" target=\"_self\" aria-labelledby=\"uael-post-7361\">\r\n\t\t\t\t\t<span class=\"elementor-button-content-wrapper\">\r\n\t\t\t\t\t\t\t\t\t\t\t\t\t\t<span class=\"elementor-button-icon elementor-align-icon-left\">\r\n\r\n\t\t\t\t\t\t\t\t\t\r\n\t\t\t\t\t\t\t\t<\/span>\r\n\t\t\t\t\t\t\t\t\t\t\t\t\t\r\n\t\t\t\t\t\t<span class=\"elementor-button-text\" id=uael-post-7361>Leia Mais \u2192<\/span>\r\n\t\t\t\t\t<\/span>\r\n\t\t\t\t<\/a>\r\n\t\t\t\t\t\t<\/div>\r\n\t\t\t\r\n\t\t<\/div>\r\n\t\t\r\n\t<\/div>\r\n\r\n<\/div>\r\n\t\t\t\t<\/div>\r\n\t\t\t\t\t\t\r\n\t\t<\/div>\r\n\r\n\t\t\t\t\t\t<\/div>\r\n\t\t<div class=\"uael-post__footer\">\r\n\t\t\t\t\t<\/div>\r\n\t\t\t\t\t\t<\/div>\n\t\t\t\t<\/div>\n\t\t\t\t<div class=\"elementor-element elementor-element-c7848ed elementor-align-center elementor-hidden-desktop elementor-hidden-tablet elementor-widget elementor-widget-button\" data-id=\"c7848ed\" data-element_type=\"widget\" data-e-type=\"widget\" data-widget_type=\"button.default\">\n\t\t\t\t<div class=\"elementor-widget-container\">\n\t\t\t\t\t\t\t\t\t<div class=\"elementor-button-wrapper\">\n\t\t\t\t\t<a class=\"elementor-button elementor-button-link elementor-size-sm\" href=\"\/imoveis\">\n\t\t\t\t\t\t<span class=\"elementor-button-content-wrapper\">\n\t\t\t\t\t\t\t\t\t<span class=\"elementor-button-text\">Ver Todos<\/span>\n\t\t\t\t\t<\/span>\n\t\t\t\t\t<\/a>\n\t\t\t\t<\/div>\n\t\t\t\t\t\t\t\t<\/div>\n\t\t\t\t<\/div>\n\t\t\t\t\t<\/div>\n\t\t<\/div>\n\t\t\t\t\t<\/div>\n\t\t<\/section>\n\t\t\t\t<section class=\"elementor-section elementor-top-section elementor-element elementor-element-e335c0d elementor-section-stretched elementor-section-full_width elementor-hidden-mobile elementor-section-height-default elementor-section-height-default\" data-id=\"e335c0d\" data-element_type=\"section\" data-e-type=\"section\" data-settings=\"{&quot;stretch_section&quot;:&quot;section-stretched&quot;,&quot;background_background&quot;:&quot;classic&quot;}\">\n\t\t\t\t\t\t\t<div class=\"elementor-background-overlay\"><\/div>\n\t\t\t\t\t\t\t<div class=\"elementor-container elementor-column-gap-no\">\n\t\t\t\t\t<div class=\"elementor-column elementor-col-50 elementor-top-column elementor-element elementor-element-04a70cd\" data-id=\"04a70cd\" data-element_type=\"column\" data-e-type=\"column\">\n\t\t\t<div class=\"elementor-widget-wrap elementor-element-populated\">\n\t\t\t\t\t\t<div class=\"elementor-element elementor-element-27543c9 mesdag elementor-widget elementor-widget-heading\" data-id=\"27543c9\" data-element_type=\"widget\" data-e-type=\"widget\" data-widget_type=\"heading.default\">\n\t\t\t\t<div class=\"elementor-widget-container\">\n\t\t\t\t\t<h2 class=\"elementor-heading-title elementor-size-default\">Sobre mim<\/h2>\t\t\t\t<\/div>\n\t\t\t\t<\/div>\n\t\t\t\t<div class=\"elementor-element elementor-element-ed27491 elementor-widget elementor-widget-heading\" data-id=\"ed27491\" data-element_type=\"widget\" data-e-type=\"widget\" data-widget_type=\"heading.default\">\n\t\t\t\t<div class=\"elementor-widget-container\">\n\t\t\t\t\t<h1 class=\"elementor-heading-title elementor-size-default\">Consultor imobili\u00e1rio com forma\u00e7\u00e3o BOLD\n(Business Objective: a Life by Design)<\/h1>\t\t\t\t<\/div>\n\t\t\t\t<\/div>\n\t\t\t\t<div class=\"elementor-element elementor-element-edd6b20 elementor-widget elementor-widget-text-editor\" data-id=\"edd6b20\" data-element_type=\"widget\" data-e-type=\"widget\" data-widget_type=\"text-editor.default\">\n\t\t\t\t<div class=\"elementor-widget-container\">\n\t\t\t\t\t\t\t\t\t<div><span class=\"gmail-im\">Em Janeiro de 2015 abracei o projecto da Keller Williams em Portugal e, desde ent\u00e3o, tenho estado sempre ligado \u00e0 KW \u00c1baco, em Lisboa.<br \/><\/span><span class=\"gmail-im\"><br \/><b>Capper 2018 | Capper 2019 | Capper 2020 | Capper 2021<\/b> <b> | Capper 2022<\/b> <b>| Capper 2023<\/b>\u00a0<b>| Capper 2024<\/b> <b>| Capper 2025 | Capper 2026<\/b><br \/><\/span><\/div><div>\u00a0<\/div><div><p>Ser Capper \u00e9 pertencer ao restrito grupo de\u00a0<i>Top Producers\u00a0<\/i>da Keller Williams, consultores que usufruem da mais alta atribui\u00e7\u00e3o de comiss\u00e3o, sendo, por isso, um dos objetivos anuais mais ambicionados.<\/p><\/div><div>O meu foco \u00e9 a plena satisfa\u00e7\u00e3o do cliente que em mim confia para a media\u00e7\u00e3o de um bem valioso.\u00a0<\/div><p><strong>Vamos trabalhar juntos?<\/strong><\/p>\t\t\t\t\t\t\t\t<\/div>\n\t\t\t\t<\/div>\n\t\t\t\t<div class=\"elementor-element elementor-element-24639e6 elementor-widget elementor-widget-button\" data-id=\"24639e6\" data-element_type=\"widget\" data-e-type=\"widget\" data-widget_type=\"button.default\">\n\t\t\t\t<div class=\"elementor-widget-container\">\n\t\t\t\t\t\t\t\t\t<div class=\"elementor-button-wrapper\">\n\t\t\t\t\t<a class=\"elementor-button elementor-button-link elementor-size-sm\" href=\"\/acerca\">\n\t\t\t\t\t\t<span class=\"elementor-button-content-wrapper\">\n\t\t\t\t\t\t\t\t\t<span class=\"elementor-button-text\">Saber Mais<\/span>\n\t\t\t\t\t<\/span>\n\t\t\t\t\t<\/a>\n\t\t\t\t<\/div>\n\t\t\t\t\t\t\t\t<\/div>\n\t\t\t\t<\/div>\n\t\t\t\t\t<\/div>\n\t\t<\/div>\n\t\t\t\t<div class=\"elementor-column elementor-col-50 elementor-top-column elementor-element elementor-element-08cde90\" data-id=\"08cde90\" data-element_type=\"column\" data-e-type=\"column\" data-settings=\"{&quot;background_background&quot;:&quot;classic&quot;}\">\n\t\t\t<div class=\"elementor-widget-wrap elementor-element-populated\">\n\t\t\t\t\t\t<div class=\"elementor-element elementor-element-651fdf1 elementor-widget elementor-widget-spacer\" data-id=\"651fdf1\" data-element_type=\"widget\" data-e-type=\"widget\" data-widget_type=\"spacer.default\">\n\t\t\t\t<div class=\"elementor-widget-container\">\n\t\t\t\t\t\t\t<div class=\"elementor-spacer\">\n\t\t\t<div class=\"elementor-spacer-inner\"><\/div>\n\t\t<\/div>\n\t\t\t\t\t\t<\/div>\n\t\t\t\t<\/div>\n\t\t\t\t\t<\/div>\n\t\t<\/div>\n\t\t\t\t\t<\/div>\n\t\t<\/section>\n\t\t\t\t<section class=\"elementor-section elementor-top-section elementor-element elementor-element-32ccdaa elementor-section-stretched elementor-section-boxed elementor-section-height-default elementor-section-height-default\" data-id=\"32ccdaa\" data-element_type=\"section\" data-e-type=\"section\" data-settings=\"{&quot;stretch_section&quot;:&quot;section-stretched&quot;,&quot;background_background&quot;:&quot;classic&quot;}\">\n\t\t\t\t\t\t<div class=\"elementor-container elementor-column-gap-default\">\n\t\t\t\t\t<div class=\"elementor-column elementor-col-100 elementor-top-column elementor-element elementor-element-5f82439\" data-id=\"5f82439\" data-element_type=\"column\" data-e-type=\"column\">\n\t\t\t<div class=\"elementor-widget-wrap elementor-element-populated\">\n\t\t\t\t\t\t<div class=\"elementor-element elementor-element-5093587 mesdag elementor-widget elementor-widget-heading\" data-id=\"5093587\" data-element_type=\"widget\" data-e-type=\"widget\" data-widget_type=\"heading.default\">\n\t\t\t\t<div class=\"elementor-widget-container\">\n\t\t\t\t\t<h2 class=\"elementor-heading-title elementor-size-default\">Do meu BLOG<\/h2>\t\t\t\t<\/div>\n\t\t\t\t<\/div>\n\t\t\t\t<div class=\"elementor-element elementor-element-65848e2 elementor-widget elementor-widget-heading\" data-id=\"65848e2\" data-element_type=\"widget\" data-e-type=\"widget\" data-widget_type=\"heading.default\">\n\t\t\t\t<div class=\"elementor-widget-container\">\n\t\t\t\t\t<p class=\"elementor-heading-title elementor-size-default\">\"A Respirar Imobili\u00e1rio\"<\/p>\t\t\t\t<\/div>\n\t\t\t\t<\/div>\n\t\t\t\t\t<\/div>\n\t\t<\/div>\n\t\t\t\t\t<\/div>\n\t\t<\/section>\n\t\t\t\t<section class=\"elementor-section elementor-top-section elementor-element elementor-element-2438410 elementor-section-stretched elementor-section-full_width elementor-section-height-default elementor-section-height-default\" data-id=\"2438410\" data-element_type=\"section\" data-e-type=\"section\" data-settings=\"{&quot;stretch_section&quot;:&quot;section-stretched&quot;,&quot;background_background&quot;:&quot;classic&quot;}\">\n\t\t\t\t\t\t<div class=\"elementor-container elementor-column-gap-no\">\n\t\t\t\t\t<div class=\"elementor-column elementor-col-100 elementor-top-column elementor-element elementor-element-c88eb00\" data-id=\"c88eb00\" data-element_type=\"column\" data-e-type=\"column\" data-settings=\"{&quot;background_background&quot;:&quot;classic&quot;}\">\n\t\t\t<div class=\"elementor-widget-wrap elementor-element-populated\">\n\t\t\t\t\t\t<div class=\"elementor-element elementor-element-fd414cc uael-post__link-complete-yes uael-post__content-align-center uael-post__cta-fullwidth-yes elementor-widget-mobile__width-inherit uael-posts-thumbnail-ratio uael-post__arrow-outside elementor-widget elementor-widget-uael-posts\" data-id=\"fd414cc\" data-element_type=\"widget\" data-e-type=\"widget\" data-settings=\"{&quot;business_slides_to_show&quot;:3,&quot;business_slides_to_show_tablet&quot;:2,&quot;business_slides_to_show_mobile&quot;:1}\" data-widget_type=\"uael-posts.business\">\n\t\t\t\t<div class=\"elementor-widget-container\">\n\t\t\t\t\t\t\t<div class=\"uael-post__header\">\r\n\t\t\t\t\t<\/div>\r\n\t\t<div class=\"uael-post__body\">\r\n\t\t\t\r\n\t\t\r\n\t\t<div class=\"uael-blog-terms-position- uael-post-image-top uael-post-grid uael-posts\" data-query-type=\"custom\" data-structure=\"carousel\" data-layout=\"\" data-page=\"13\" data-skin=\"business\" data-filter-default=\"\" data-offset-top=\"30\" data-post_slider=\"{&quot;slidesToShow&quot;:3,&quot;slidesToScroll&quot;:1,&quot;autoplaySpeed&quot;:5000,&quot;autoplay&quot;:true,&quot;infinite&quot;:true,&quot;pauseOnHover&quot;:true,&quot;speed&quot;:500,&quot;arrows&quot;:true,&quot;dots&quot;:true,&quot;rtl&quot;:false,&quot;prevArrow&quot;:&quot;&lt;button type=\\&quot;button\\&quot; data-role=\\&quot;none\\&quot; class=\\&quot;slick-prev\\&quot; aria-label=\\&quot;Previous\\&quot; tabindex=\\&quot;0\\&quot; role=\\&quot;button\\&quot;&gt;&lt;i class=\\&quot;fa fa-angle-left\\&quot;&gt;&lt;\\\/i&gt;&lt;\\\/button&gt;&quot;,&quot;nextArrow&quot;:&quot;&lt;button type=\\&quot;button\\&quot; data-role=\\&quot;none\\&quot; class=\\&quot;slick-next\\&quot; aria-label=\\&quot;Next\\&quot; tabindex=\\&quot;0\\&quot; role=\\&quot;button\\&quot;&gt;&lt;i class=\\&quot;fa fa-angle-right\\&quot;&gt;&lt;\\\/i&gt;&lt;\\\/button&gt;&quot;,&quot;responsive&quot;:[{&quot;breakpoint&quot;:1024,&quot;settings&quot;:{&quot;slidesToShow&quot;:2,&quot;slidesToScroll&quot;:2}},{&quot;breakpoint&quot;:767,&quot;settings&quot;:{&quot;slidesToShow&quot;:1,&quot;slidesToScroll&quot;:1}}]}\" data-equal-height=\"yes\">\r\n\r\n\t\t\t\t\t\t\t<div class=\"uael-post-grid__inner uael-post__columns-3 uael-post__columns-tablet-2 uael-post__columns-mobile-1\">\r\n\t\t\t\r\n<div class=\"uael-post-wrapper   uncategorized \">\r\n\t<div class=\"uael-post__bg-wrap\">\r\n\r\n\t\t\t\t\t<a href=\"https:\/\/www.ernestodafonseca.com\/en\/mais-habitacao\/\" target=\"_self\" class=\"uael-post__complete-box-overlay\" aria-label=\"Link Complete Box\"><\/a>\r\n\t\t\t\t\r\n\t\t<div class=\"uael-post__inner-wrap\">\r\n\r\n\t\t\t\t<div class=\"uael-post__thumbnail\">\r\n\t\t\t\r\n\t\t\t<a href=\"https:\/\/www.ernestodafonseca.com\/en\/mais-habitacao\/\" target=\"_self\" title=\"Quais as melhores medidas Mais Habita\u00e7\u00e3o?\"><img loading=\"lazy\" decoding=\"async\" width=\"1024\" height=\"576\" src=\"https:\/\/www.ernestodafonseca.com\/wp-content\/uploads\/2023\/10\/Posts_Blog_Mais_Habitacao-1024x576.jpg\" class=\"attachment-large size-large wp-image-5685\" alt=\"\" title=\"\" srcset=\"https:\/\/www.ernestodafonseca.com\/wp-content\/uploads\/2023\/10\/Posts_Blog_Mais_Habitacao-1024x576.jpg 1024w, https:\/\/www.ernestodafonseca.com\/wp-content\/uploads\/2023\/10\/Posts_Blog_Mais_Habitacao-300x169.jpg 300w, https:\/\/www.ernestodafonseca.com\/wp-content\/uploads\/2023\/10\/Posts_Blog_Mais_Habitacao-768x432.jpg 768w, https:\/\/www.ernestodafonseca.com\/wp-content\/uploads\/2023\/10\/Posts_Blog_Mais_Habitacao-1536x864.jpg 1536w, https:\/\/www.ernestodafonseca.com\/wp-content\/uploads\/2023\/10\/Posts_Blog_Mais_Habitacao.jpg 1600w\" sizes=\"(max-width: 1024px) 100vw, 1024px\" \/><\/a>\r\n\t\t\t\t\t<\/div>\r\n\t\t\r\n\t\t\t\r\n\t\t\t<div class=\"uael-post__content-wrap\">\r\n\t\t\t\t\t\t<h2 class=\"uael-post__title\">\r\n\r\n\t\t\r\n\t\t\t\t\t\t<a href=\"https:\/\/www.ernestodafonseca.com\/en\/mais-habitacao\/\" target=\"_self\">\r\n\t\t\t\tQuais as melhores medidas Mais Habita\u00e7\u00e3o?\t\t\t<\/a>\r\n\r\n\t\t\t\t<\/h2>\r\n\t\t<div class=\"uael-post__separator-wrap\"><div class=\"uael-post__separator uael-post__gradient-separator\"><\/div><\/div>\r\n\t\t<div class=\"uael-post__excerpt\">\r\n\t\t\t<p>A venda de segundas habita\u00e7\u00f5es ou terrenos para constru\u00e7\u00e3o durante os anos 2022, 2023 ou 2024 pode ficar isenta de mais-valias se o dinheiro da venda servir para amortizar um cr\u00e9dito para habita\u00e7\u00e3o pr\u00f3pria e permanente. A DECO PROTeste explica como funciona a medida do pacote Mais Habita\u00e7\u00e3o.<\/p>\n\t\t<\/div>\r\n\r\n\t\t\t\t\t<a class=\"uael-post__read-more elementor-button\" href=\"https:\/\/www.ernestodafonseca.com\/en\/mais-habitacao\/\" target=\"_self\" aria-labelledby=\"uael-post-5658\">\r\n\t\t\t\t\t<span class=\"elementor-button-content-wrapper\">\r\n\t\t\t\t\t\t\t\t\t\t\t\t\t\t<span class=\"elementor-button-icon elementor-align-icon-left\">\r\n\r\n\t\t\t\t\t\t\t\t\t\r\n\t\t\t\t\t\t\t\t<\/span>\r\n\t\t\t\t\t\t\t\t\t\t\t\t\t\r\n\t\t\t\t\t\t<span class=\"elementor-button-text\" id=uael-post-5658>Ler Mais<\/span>\r\n\t\t\t\t\t<\/span>\r\n\t\t\t\t<\/a>\r\n\t\t\t\t\t\t<\/div>\r\n\t\t\t\r\n\t\t<\/div>\r\n\t\t\r\n\t<\/div>\r\n\r\n<\/div>\r\n\r\n<div class=\"uael-post-wrapper   uncategorized \">\r\n\t<div class=\"uael-post__bg-wrap\">\r\n\r\n\t\t\t\t\t<a href=\"https:\/\/www.ernestodafonseca.com\/en\/live-ernesto-da-fonseca-a-convite-de-augusto-pinheirinho\/\" target=\"_self\" class=\"uael-post__complete-box-overlay\" aria-label=\"Link Complete Box\"><\/a>\r\n\t\t\t\t\r\n\t\t<div class=\"uael-post__inner-wrap\">\r\n\r\n\t\t\t\t<div class=\"uael-post__thumbnail\">\r\n\t\t\t\r\n\t\t\t<a href=\"https:\/\/www.ernestodafonseca.com\/en\/live-ernesto-da-fonseca-a-convite-de-augusto-pinheirinho\/\" target=\"_self\" title=\"Live &#8211; Ernesto da Fonseca a convite de Augusto Pinheirinho\"><img loading=\"lazy\" decoding=\"async\" width=\"1024\" height=\"573\" src=\"https:\/\/www.ernestodafonseca.com\/wp-content\/uploads\/2023\/05\/Posts_Blog_Live-2-1024x573.jpg\" class=\"attachment-large size-large wp-image-5211\" alt=\"\" title=\"\" srcset=\"https:\/\/www.ernestodafonseca.com\/wp-content\/uploads\/2023\/05\/Posts_Blog_Live-2-1024x573.jpg 1024w, https:\/\/www.ernestodafonseca.com\/wp-content\/uploads\/2023\/05\/Posts_Blog_Live-2-300x168.jpg 300w, https:\/\/www.ernestodafonseca.com\/wp-content\/uploads\/2023\/05\/Posts_Blog_Live-2-768x430.jpg 768w, https:\/\/www.ernestodafonseca.com\/wp-content\/uploads\/2023\/05\/Posts_Blog_Live-2-1536x859.jpg 1536w, https:\/\/www.ernestodafonseca.com\/wp-content\/uploads\/2023\/05\/Posts_Blog_Live-2.jpg 1600w\" sizes=\"(max-width: 1024px) 100vw, 1024px\" \/><\/a>\r\n\t\t\t\t\t<\/div>\r\n\t\t\r\n\t\t\t\r\n\t\t\t<div class=\"uael-post__content-wrap\">\r\n\t\t\t\t\t\t<h2 class=\"uael-post__title\">\r\n\r\n\t\t\r\n\t\t\t\t\t\t<a href=\"https:\/\/www.ernestodafonseca.com\/en\/live-ernesto-da-fonseca-a-convite-de-augusto-pinheirinho\/\" target=\"_self\">\r\n\t\t\t\tLive &#8211; Ernesto da Fonseca a convite de Augusto Pinheirinho\t\t\t<\/a>\r\n\r\n\t\t\t\t<\/h2>\r\n\t\t<div class=\"uael-post__separator-wrap\"><div class=\"uael-post__separator uael-post__gradient-separator\"><\/div><\/div>\r\n\t\t<div class=\"uael-post__excerpt\">\r\n\t\t\t<p>Veja aqui o meu primeiro Live Oficial a convite de Augusto Pinheiro, respons\u00e1vel pelo pinheirinho.pt.<br \/>\nTemas como branding de um consultor imobili\u00e1rio e a import\u00e2ncia da contribui\u00e7\u00e3o de bons consultores para valorizar a nossa \u00e1rea.<\/p>\n\t\t<\/div>\r\n\r\n\t\t\t\t\t<a class=\"uael-post__read-more elementor-button\" href=\"https:\/\/www.ernestodafonseca.com\/en\/live-ernesto-da-fonseca-a-convite-de-augusto-pinheirinho\/\" target=\"_self\" aria-labelledby=\"uael-post-5173\">\r\n\t\t\t\t\t<span class=\"elementor-button-content-wrapper\">\r\n\t\t\t\t\t\t\t\t\t\t\t\t\t\t<span class=\"elementor-button-icon elementor-align-icon-left\">\r\n\r\n\t\t\t\t\t\t\t\t\t\r\n\t\t\t\t\t\t\t\t<\/span>\r\n\t\t\t\t\t\t\t\t\t\t\t\t\t\r\n\t\t\t\t\t\t<span class=\"elementor-button-text\" id=uael-post-5173>Ler Mais<\/span>\r\n\t\t\t\t\t<\/span>\r\n\t\t\t\t<\/a>\r\n\t\t\t\t\t\t<\/div>\r\n\t\t\t\r\n\t\t<\/div>\r\n\t\t\r\n\t<\/div>\r\n\r\n<\/div>\r\n\r\n<div class=\"uael-post-wrapper   uncategorized \">\r\n\t<div class=\"uael-post__bg-wrap\">\r\n\r\n\t\t\t\t\t<a href=\"https:\/\/www.ernestodafonseca.com\/en\/a-vantagem-de-pertencer-a-kw\/\" target=\"_self\" class=\"uael-post__complete-box-overlay\" aria-label=\"Link Complete Box\"><\/a>\r\n\t\t\t\t\r\n\t\t<div class=\"uael-post__inner-wrap\">\r\n\r\n\t\t\t\t<div class=\"uael-post__thumbnail\">\r\n\t\t\t\r\n\t\t\t<a href=\"https:\/\/www.ernestodafonseca.com\/en\/a-vantagem-de-pertencer-a-kw\/\" target=\"_self\" title=\"A vantagem de pertencer \u00e0 KW\"><img loading=\"lazy\" decoding=\"async\" width=\"1024\" height=\"576\" src=\"https:\/\/www.ernestodafonseca.com\/wp-content\/uploads\/2023\/02\/Blog3_foto-2-1024x576.jpg\" class=\"attachment-large size-large wp-image-4789\" alt=\"\" title=\"\" srcset=\"https:\/\/www.ernestodafonseca.com\/wp-content\/uploads\/2023\/02\/Blog3_foto-2-1024x576.jpg 1024w, https:\/\/www.ernestodafonseca.com\/wp-content\/uploads\/2023\/02\/Blog3_foto-2-300x169.jpg 300w, https:\/\/www.ernestodafonseca.com\/wp-content\/uploads\/2023\/02\/Blog3_foto-2-768x432.jpg 768w, https:\/\/www.ernestodafonseca.com\/wp-content\/uploads\/2023\/02\/Blog3_foto-2-1536x864.jpg 1536w, https:\/\/www.ernestodafonseca.com\/wp-content\/uploads\/2023\/02\/Blog3_foto-2.jpg 1600w\" sizes=\"(max-width: 1024px) 100vw, 1024px\" \/><\/a>\r\n\t\t\t\t\t<\/div>\r\n\t\t\r\n\t\t\t\r\n\t\t\t<div class=\"uael-post__content-wrap\">\r\n\t\t\t\t\t\t<h2 class=\"uael-post__title\">\r\n\r\n\t\t\r\n\t\t\t\t\t\t<a href=\"https:\/\/www.ernestodafonseca.com\/en\/a-vantagem-de-pertencer-a-kw\/\" target=\"_self\">\r\n\t\t\t\tA vantagem de pertencer \u00e0 KW\t\t\t<\/a>\r\n\r\n\t\t\t\t<\/h2>\r\n\t\t<div class=\"uael-post__separator-wrap\"><div class=\"uael-post__separator uael-post__gradient-separator\"><\/div><\/div>\r\n\t\t<div class=\"uael-post__excerpt\">\r\n\t\t\t<p>By all means&#8230;<br \/>\nEu fa\u00e7o parte desta fam\u00edlia h\u00e1 8 anos.<br \/>\nSem falsa mod\u00e9stia ou vaidade, sinto-me bem nesta empresa.<br \/>\n\u00c9 verdade que n\u00e3o \u00e9 uma empresa 100% isenta de falhas &#8230;<\/p>\n\t\t<\/div>\r\n\r\n\t\t\t\t\t<a class=\"uael-post__read-more elementor-button\" href=\"https:\/\/www.ernestodafonseca.com\/en\/a-vantagem-de-pertencer-a-kw\/\" target=\"_self\" aria-labelledby=\"uael-post-4757\">\r\n\t\t\t\t\t<span class=\"elementor-button-content-wrapper\">\r\n\t\t\t\t\t\t\t\t\t\t\t\t\t\t<span class=\"elementor-button-icon elementor-align-icon-left\">\r\n\r\n\t\t\t\t\t\t\t\t\t\r\n\t\t\t\t\t\t\t\t<\/span>\r\n\t\t\t\t\t\t\t\t\t\t\t\t\t\r\n\t\t\t\t\t\t<span class=\"elementor-button-text\" id=uael-post-4757>Ler Mais<\/span>\r\n\t\t\t\t\t<\/span>\r\n\t\t\t\t<\/a>\r\n\t\t\t\t\t\t<\/div>\r\n\t\t\t\r\n\t\t<\/div>\r\n\t\t\r\n\t<\/div>\r\n\r\n<\/div>\r\n\r\n<div class=\"uael-post-wrapper   uncategorized \">\r\n\t<div class=\"uael-post__bg-wrap\">\r\n\r\n\t\t\t\t\t<a href=\"https:\/\/www.ernestodafonseca.com\/en\/20-razoes-para-vender-atraves-de-agente-imobiliario\/\" target=\"_self\" class=\"uael-post__complete-box-overlay\" aria-label=\"Link Complete Box\"><\/a>\r\n\t\t\t\t\r\n\t\t<div class=\"uael-post__inner-wrap\">\r\n\r\n\t\t\t\t<div class=\"uael-post__thumbnail\">\r\n\t\t\t\r\n\t\t\t<a href=\"https:\/\/www.ernestodafonseca.com\/en\/20-razoes-para-vender-atraves-de-agente-imobiliario\/\" target=\"_self\" title=\"20 Raz\u00f5es para vender atrav\u00e9s de agente imobili\u00e1rio\"><img loading=\"lazy\" decoding=\"async\" width=\"768\" height=\"432\" src=\"https:\/\/www.ernestodafonseca.com\/wp-content\/uploads\/2022\/10\/Blog1_foto_texto-768x432.jpg\" class=\"attachment-large size-large wp-image-3169\" alt=\"\" title=\"\" srcset=\"https:\/\/www.ernestodafonseca.com\/wp-content\/uploads\/2022\/10\/Blog1_foto_texto-768x432.jpg 768w, https:\/\/www.ernestodafonseca.com\/wp-content\/uploads\/2022\/10\/Blog1_foto_texto-768x432-300x169.jpg 300w\" sizes=\"(max-width: 768px) 100vw, 768px\" \/><\/a>\r\n\t\t\t\t\t<\/div>\r\n\t\t\r\n\t\t\t\r\n\t\t\t<div class=\"uael-post__content-wrap\">\r\n\t\t\t\t\t\t<h2 class=\"uael-post__title\">\r\n\r\n\t\t\r\n\t\t\t\t\t\t<a href=\"https:\/\/www.ernestodafonseca.com\/en\/20-razoes-para-vender-atraves-de-agente-imobiliario\/\" target=\"_self\">\r\n\t\t\t\t20 Raz\u00f5es para vender atrav\u00e9s de agente imobili\u00e1rio\t\t\t<\/a>\r\n\r\n\t\t\t\t<\/h2>\r\n\t\t<div class=\"uael-post__separator-wrap\"><div class=\"uael-post__separator uael-post__gradient-separator\"><\/div><\/div>\r\n\t\t<div class=\"uael-post__excerpt\">\r\n\t\t\t<p>Muitos propriet\u00e1rios t\u00eam a ambi\u00e7\u00e3o de vender um im\u00f3vel por sua conta e risco, colocando-o no mercado por um valor que consideram justo, tendo em conta pre\u00e7os de im\u00f3veis que constam em diversos portais existentes no mercado.<\/p>\n\t\t<\/div>\r\n\r\n\t\t\t\t\t<a class=\"uael-post__read-more elementor-button\" href=\"https:\/\/www.ernestodafonseca.com\/en\/20-razoes-para-vender-atraves-de-agente-imobiliario\/\" target=\"_self\" aria-labelledby=\"uael-post-2489\">\r\n\t\t\t\t\t<span class=\"elementor-button-content-wrapper\">\r\n\t\t\t\t\t\t\t\t\t\t\t\t\t\t<span class=\"elementor-button-icon elementor-align-icon-left\">\r\n\r\n\t\t\t\t\t\t\t\t\t\r\n\t\t\t\t\t\t\t\t<\/span>\r\n\t\t\t\t\t\t\t\t\t\t\t\t\t\r\n\t\t\t\t\t\t<span class=\"elementor-button-text\" id=uael-post-2489>Ler Mais<\/span>\r\n\t\t\t\t\t<\/span>\r\n\t\t\t\t<\/a>\r\n\t\t\t\t\t\t<\/div>\r\n\t\t\t\r\n\t\t<\/div>\r\n\t\t\r\n\t<\/div>\r\n\r\n<\/div>\r\n\r\n<div class=\"uael-post-wrapper   uncategorized \">\r\n\t<div class=\"uael-post__bg-wrap\">\r\n\r\n\t\t\t\t\t<a href=\"https:\/\/www.ernestodafonseca.com\/en\/documentos-para-vender-um-imovel\/\" target=\"_self\" class=\"uael-post__complete-box-overlay\" aria-label=\"Link Complete Box\"><\/a>\r\n\t\t\t\t\r\n\t\t<div class=\"uael-post__inner-wrap\">\r\n\r\n\t\t\t\t<div class=\"uael-post__thumbnail\">\r\n\t\t\t\r\n\t\t\t<a href=\"https:\/\/www.ernestodafonseca.com\/en\/documentos-para-vender-um-imovel\/\" target=\"_self\" title=\"Documentos para vender um im\u00f3vel?\"><img loading=\"lazy\" decoding=\"async\" width=\"1024\" height=\"576\" src=\"https:\/\/www.ernestodafonseca.com\/wp-content\/uploads\/2022\/10\/Blog2_foto_texto-1024x576.jpg\" class=\"attachment-large size-large wp-image-3170\" alt=\"\" title=\"\" srcset=\"https:\/\/www.ernestodafonseca.com\/wp-content\/uploads\/2022\/10\/Blog2_foto_texto-1024x576.jpg 1024w, https:\/\/www.ernestodafonseca.com\/wp-content\/uploads\/2022\/10\/Blog2_foto_texto-1024x576-300x169.jpg 300w, https:\/\/www.ernestodafonseca.com\/wp-content\/uploads\/2022\/10\/Blog2_foto_texto-1024x576-768x432.jpg 768w\" sizes=\"(max-width: 1024px) 100vw, 1024px\" \/><\/a>\r\n\t\t\t\t\t<\/div>\r\n\t\t\r\n\t\t\t\r\n\t\t\t<div class=\"uael-post__content-wrap\">\r\n\t\t\t\t\t\t<h2 class=\"uael-post__title\">\r\n\r\n\t\t\r\n\t\t\t\t\t\t<a href=\"https:\/\/www.ernestodafonseca.com\/en\/documentos-para-vender-um-imovel\/\" target=\"_self\">\r\n\t\t\t\tDocumentos para vender um im\u00f3vel?\t\t\t<\/a>\r\n\r\n\t\t\t\t<\/h2>\r\n\t\t<div class=\"uael-post__separator-wrap\"><div class=\"uael-post__separator uael-post__gradient-separator\"><\/div><\/div>\r\n\t\t<div class=\"uael-post__excerpt\">\r\n\t\t\t<p>O peso burocr\u00e1tico institu\u00eddo nas mais diversas entidades tornou o processo de venda numa aventura complicada e, por essa raz\u00e3o, \u00e9 recomend\u00e1vel ser acompanhado por quem lida com este fator diariamente.<\/p>\n\t\t<\/div>\r\n\r\n\t\t\t\t\t<a class=\"uael-post__read-more elementor-button\" href=\"https:\/\/www.ernestodafonseca.com\/en\/documentos-para-vender-um-imovel\/\" target=\"_self\" aria-labelledby=\"uael-post-1581\">\r\n\t\t\t\t\t<span class=\"elementor-button-content-wrapper\">\r\n\t\t\t\t\t\t\t\t\t\t\t\t\t\t<span class=\"elementor-button-icon elementor-align-icon-left\">\r\n\r\n\t\t\t\t\t\t\t\t\t\r\n\t\t\t\t\t\t\t\t<\/span>\r\n\t\t\t\t\t\t\t\t\t\t\t\t\t\r\n\t\t\t\t\t\t<span class=\"elementor-button-text\" id=uael-post-1581>Ler Mais<\/span>\r\n\t\t\t\t\t<\/span>\r\n\t\t\t\t<\/a>\r\n\t\t\t\t\t\t<\/div>\r\n\t\t\t\r\n\t\t<\/div>\r\n\t\t\r\n\t<\/div>\r\n\r\n<\/div>\r\n\t\t\t\t<\/div>\r\n\t\t\t\t\t\t\r\n\t\t<\/div>\r\n\r\n\t\t\t\t\t\t<\/div>\r\n\t\t<div class=\"uael-post__footer\">\r\n\t\t\t\t\t<\/div>\r\n\t\t\t\t\t\t<\/div>\n\t\t\t\t<\/div>\n\t\t\t\t\t<\/div>\n\t\t<\/div>\n\t\t\t\t\t<\/div>\n\t\t<\/section>\n\t\t\t\t<section class=\"elementor-section elementor-top-section elementor-element elementor-element-7e4a97b elementor-section-stretched elementor-section-height-min-height elementor-section-full_width elementor-section-content-top elementor-section-height-default elementor-section-items-middle\" data-id=\"7e4a97b\" data-element_type=\"section\" data-e-type=\"section\" data-settings=\"{&quot;stretch_section&quot;:&quot;section-stretched&quot;,&quot;background_background&quot;:&quot;classic&quot;}\">\n\t\t\t\t\t\t\t<div class=\"elementor-background-overlay\"><\/div>\n\t\t\t\t\t\t\t<div class=\"elementor-container elementor-column-gap-no\">\n\t\t\t\t\t<div class=\"elementor-column elementor-col-100 elementor-top-column elementor-element elementor-element-483ae1e\" data-id=\"483ae1e\" data-element_type=\"column\" data-e-type=\"column\">\n\t\t\t<div class=\"elementor-widget-wrap elementor-element-populated\">\n\t\t\t\t\t\t<div class=\"elementor-element elementor-element-6262840 mesdag elementor-widget__width-auto elementor-widget elementor-widget-text-editor\" data-id=\"6262840\" data-element_type=\"widget\" data-e-type=\"widget\" data-widget_type=\"text-editor.default\">\n\t\t\t\t<div class=\"elementor-widget-container\">\n\t\t\t\t\t\t\t\t\t<h2><span style=\"color: #ffffff;\">FEATURED LISTING<\/span><\/h2><p style=\"margin-bottom: 5px; margin-top: 10px; font-size: 16px; line-height: 30px;\">Moradia T4, nova de 2023, com piscina, Condom\u00ednio Golfe Santo Est\u00eav\u00e3o<\/p>\t\t\t\t\t\t\t\t<\/div>\n\t\t\t\t<\/div>\n\t\t\t\t<div class=\"elementor-element elementor-element-6ce3814 elementor-align-left elementor-widget__width-inherit elementor-mobile-align-center elementor-widget elementor-widget-button\" data-id=\"6ce3814\" data-element_type=\"widget\" data-e-type=\"widget\" data-widget_type=\"button.default\">\n\t\t\t\t<div class=\"elementor-widget-container\">\n\t\t\t\t\t\t\t\t\t<div class=\"elementor-button-wrapper\">\n\t\t\t\t\t<a class=\"elementor-button elementor-button-link elementor-size-sm\" href=\"https:\/\/www.ernestodafonseca.com\/imovel\/moradia-t4-nova-de-2023-com-piscina-condominio-golfe-santo-estevao\/\">\n\t\t\t\t\t\t<span class=\"elementor-button-content-wrapper\">\n\t\t\t\t\t\t\t\t\t<span class=\"elementor-button-text\">Saber Mais<\/span>\n\t\t\t\t\t<\/span>\n\t\t\t\t\t<\/a>\n\t\t\t\t<\/div>\n\t\t\t\t\t\t\t\t<\/div>\n\t\t\t\t<\/div>\n\t\t\t\t\t<\/div>\n\t\t<\/div>\n\t\t\t\t\t<\/div>\n\t\t<\/section>\n\t\t\t\t<section class=\"elementor-section elementor-top-section elementor-element elementor-element-69ac94d elementor-section-boxed elementor-section-height-default elementor-section-height-default\" data-id=\"69ac94d\" data-element_type=\"section\" data-e-type=\"section\">\n\t\t\t\t\t\t\t<div class=\"elementor-background-overlay\"><\/div>\n\t\t\t\t\t\t\t<div class=\"elementor-container elementor-column-gap-default\">\n\t\t\t\t\t<div class=\"elementor-column elementor-col-100 elementor-top-column elementor-element elementor-element-9906e98\" data-id=\"9906e98\" data-element_type=\"column\" data-e-type=\"column\" data-settings=\"{&quot;background_background&quot;:&quot;classic&quot;}\">\n\t\t\t<div class=\"elementor-widget-wrap elementor-element-populated\">\n\t\t\t\t\t\t<div class=\"elementor-element elementor-element-c660494 elementor-hidden-desktop elementor-hidden-tablet elementor-widget elementor-widget-image\" data-id=\"c660494\" data-element_type=\"widget\" data-e-type=\"widget\" data-widget_type=\"image.default\">\n\t\t\t\t<div class=\"elementor-widget-container\">\n\t\t\t\t\t\t\t\t\t\t\t\t\t\t\t<img loading=\"lazy\" decoding=\"async\" width=\"847\" height=\"320\" src=\"https:\/\/www.ernestodafonseca.com\/wp-content\/uploads\/2022\/10\/instagram_ernesto_fonseca.png\" class=\"attachment-large size-large wp-image-4528\" alt=\"\" srcset=\"https:\/\/www.ernestodafonseca.com\/wp-content\/uploads\/2022\/10\/instagram_ernesto_fonseca.png 847w, https:\/\/www.ernestodafonseca.com\/wp-content\/uploads\/2022\/10\/instagram_ernesto_fonseca-300x113.png 300w, https:\/\/www.ernestodafonseca.com\/wp-content\/uploads\/2022\/10\/instagram_ernesto_fonseca-768x290.png 768w\" sizes=\"(max-width: 847px) 100vw, 847px\" title=\"\">\t\t\t\t\t\t\t\t\t\t\t\t\t\t\t<\/div>\n\t\t\t\t<\/div>\n\t\t\t\t<div class=\"elementor-element elementor-element-1a6c3f0 elementor-hidden-mobile elementor-widget elementor-widget-image\" data-id=\"1a6c3f0\" data-element_type=\"widget\" data-e-type=\"widget\" data-widget_type=\"image.default\">\n\t\t\t\t<div class=\"elementor-widget-container\">\n\t\t\t\t\t\t\t\t\t\t\t\t\t\t\t<img loading=\"lazy\" decoding=\"async\" width=\"847\" height=\"320\" src=\"https:\/\/www.ernestodafonseca.com\/wp-content\/uploads\/2022\/10\/instagram_ernesto_fonseca.png\" class=\"attachment-large size-large wp-image-4528\" alt=\"\" srcset=\"https:\/\/www.ernestodafonseca.com\/wp-content\/uploads\/2022\/10\/instagram_ernesto_fonseca.png 847w, https:\/\/www.ernestodafonseca.com\/wp-content\/uploads\/2022\/10\/instagram_ernesto_fonseca-300x113.png 300w, https:\/\/www.ernestodafonseca.com\/wp-content\/uploads\/2022\/10\/instagram_ernesto_fonseca-768x290.png 768w\" sizes=\"(max-width: 847px) 100vw, 847px\" title=\"\">\t\t\t\t\t\t\t\t\t\t\t\t\t\t\t<\/div>\n\t\t\t\t<\/div>\n\t\t\t\t<div class=\"elementor-element elementor-element-07caa1e elementor-widget__width-inherit elementor-hidden-desktop elementor-hidden-tablet elementor-hidden-mobile elementor-widget elementor-widget-uael-instagram-feed\" data-id=\"07caa1e\" data-element_type=\"widget\" data-e-type=\"widget\" data-settings=\"{&quot;uae_insta_layout_type&quot;:&quot;masonry&quot;,&quot;uae_insta_grid_cols&quot;:&quot;3&quot;,&quot;uae_insta_grid_cols_tablet&quot;:&quot;3&quot;,&quot;uae_insta_grid_cols_mobile&quot;:&quot;2&quot;,&quot;uae_insta_columns_gap&quot;:{&quot;unit&quot;:&quot;px&quot;,&quot;size&quot;:&quot;10&quot;,&quot;sizes&quot;:[]},&quot;uae_insta_columns_gap_tablet&quot;:{&quot;unit&quot;:&quot;px&quot;,&quot;size&quot;:&quot;&quot;,&quot;sizes&quot;:[]},&quot;uae_insta_columns_gap_mobile&quot;:{&quot;unit&quot;:&quot;px&quot;,&quot;size&quot;:&quot;&quot;,&quot;sizes&quot;:[]},&quot;uae_insta_rows_gap&quot;:{&quot;unit&quot;:&quot;px&quot;,&quot;size&quot;:&quot;10&quot;,&quot;sizes&quot;:[]},&quot;uae_insta_rows_gap_tablet&quot;:{&quot;unit&quot;:&quot;px&quot;,&quot;size&quot;:&quot;&quot;,&quot;sizes&quot;:[]},&quot;uae_insta_rows_gap_mobile&quot;:{&quot;unit&quot;:&quot;px&quot;,&quot;size&quot;:&quot;&quot;,&quot;sizes&quot;:[]},&quot;uae_insta_content_padding&quot;:{&quot;unit&quot;:&quot;px&quot;,&quot;top&quot;:&quot;&quot;,&quot;right&quot;:&quot;&quot;,&quot;bottom&quot;:&quot;&quot;,&quot;left&quot;:&quot;&quot;,&quot;isLinked&quot;:true},&quot;uae_insta_content_padding_tablet&quot;:{&quot;unit&quot;:&quot;px&quot;,&quot;top&quot;:&quot;&quot;,&quot;right&quot;:&quot;&quot;,&quot;bottom&quot;:&quot;&quot;,&quot;left&quot;:&quot;&quot;,&quot;isLinked&quot;:true},&quot;uae_insta_content_padding_mobile&quot;:{&quot;unit&quot;:&quot;px&quot;,&quot;top&quot;:&quot;&quot;,&quot;right&quot;:&quot;&quot;,&quot;bottom&quot;:&quot;&quot;,&quot;left&quot;:&quot;&quot;,&quot;isLinked&quot;:true}}\" data-widget_type=\"uael-instagram-feed.default\">\n\t\t\t\t<div class=\"elementor-widget-container\">\n\t\t\t\t\t\t\t<div class=\"uael-instagram-feed clearfix uael-instagram-feed-masonry uael-instagram-feed-always uael-instagram-feed-grid-3\">\r\n\t\t\t<div class=\"uael-insta-feed-inner\">\r\n\t\t\t\t<div class=\"uael-instafeed\">\r\n\t\t\t\t\t\t\t\t\t\t<div id=\"uael-instafeed-07caa1e\" class=\"uael-instafeed-grid\">\r\n\t\t\t\t\t\t\t\t\t\t\t\t\t<div class=\"uael-feed-item\">\r\n\t\t\t\t\t\t\t\t<div class=\"uael-feed-item-inner\">\r\n\t\t\t\t\t\t\t\t\t<br \/>\n<b>Warning<\/b>:  Undefined array key \"link\" in <b>\/home\/u874091856\/domains\/ernestodafonseca.com\/public_html\/wp-content\/plugins\/ultimate-elementor\/modules\/instagram-feed\/widgets\/instagram-feed.php<\/b> on line <b>2044<\/b><br \/>\n<a target=\"_blank\" href=\"\"><div class=\"uael-if-img\"><div class=\"uael-overlay-container uael-media-overlay\"><div class=\"uael-insta-caption\"><\/div><\/div><img decoding=\"async\" src=\"\" alt=\"\" title=\"\"><\/div><\/a>\t\t\t\t\t\t\t\t<\/div>\r\n\t\t\t\t\t\t\t<\/div>\r\n\t\t\t\t\t\t\t\t\t\t\t\t\t\t<div class=\"uael-feed-item\">\r\n\t\t\t\t\t\t\t\t<div class=\"uael-feed-item-inner\">\r\n\t\t\t\t\t\t\t\t\t<br \/>\n<b>Warning<\/b>:  Undefined array key \"link\" in <b>\/home\/u874091856\/domains\/ernestodafonseca.com\/public_html\/wp-content\/plugins\/ultimate-elementor\/modules\/instagram-feed\/widgets\/instagram-feed.php<\/b> on line <b>2044<\/b><br \/>\n<a target=\"_blank\" href=\"\"><div class=\"uael-if-img\"><div class=\"uael-overlay-container uael-media-overlay\"><div class=\"uael-insta-caption\"><\/div><\/div><img decoding=\"async\" src=\"\" alt=\"\" title=\"\"><\/div><\/a>\t\t\t\t\t\t\t\t<\/div>\r\n\t\t\t\t\t\t\t<\/div>\r\n\t\t\t\t\t\t\t\t\t\t\t\t<\/div>\r\n\t\t\t\t<\/div>\r\n\t\t\t<\/div>\r\n\t\t<\/div>\r\n\t\t\t\t\t\t<\/div>\n\t\t\t\t<\/div>\n\t\t\t\t<div class=\"elementor-element elementor-element-f4ee703 elementor-align-center elementor-widget elementor-widget-button\" data-id=\"f4ee703\" data-element_type=\"widget\" data-e-type=\"widget\" data-widget_type=\"button.default\">\n\t\t\t\t<div class=\"elementor-widget-container\">\n\t\t\t\t\t\t\t\t\t<div class=\"elementor-button-wrapper\">\n\t\t\t\t\t<a class=\"elementor-button elementor-button-link elementor-size-sm\" href=\"https:\/\/www.instagram.com\/efonsecakw\/\" target=\"_blank\" rel=\"noopener\">\n\t\t\t\t\t\t<span class=\"elementor-button-content-wrapper\">\n\t\t\t\t\t\t\t\t\t<span class=\"elementor-button-text\">Follow @Instagram<\/span>\n\t\t\t\t\t<\/span>\n\t\t\t\t\t<\/a>\n\t\t\t\t<\/div>\n\t\t\t\t\t\t\t\t<\/div>\n\t\t\t\t<\/div>\n\t\t\t\t\t<\/div>\n\t\t<\/div>\n\t\t\t\t\t<\/div>\n\t\t<\/section>\n\t\t\t\t<\/div>\n\t\t","protected":false},"excerpt":{"rendered":"<p>I\u2019m the bow tie guy PROCURAR IM\u00f3veis The Bow Tie Guy Consultor imobili\u00e1rio com forma\u00e7\u00e3o BOLD (Business Objective: a Life by Design) Em Janeiro de 2015 abracei o projecto da Keller Williams em Portugal e, desde ent\u00e3o, tenho estado sempre ligado \u00e0 KW \u00c1baco, em Lisboa. Capper 2018 | Capper 2019 | Capper 2020 | [&hellip;]<\/p>\n","protected":false},"author":2,"featured_media":0,"parent":0,"menu_order":0,"comment_status":"closed","ping_status":"closed","template":"elementor_header_footer","meta":{"site-sidebar-layout":"default","site-content-layout":"","ast-site-content-layout":"default","site-content-style":"default","site-sidebar-style":"default","ast-global-header-display":"","ast-banner-title-visibility":"","ast-main-header-display":"","ast-hfb-above-header-display":"","ast-hfb-below-header-display":"","ast-hfb-mobile-header-display":"","site-post-title":"disabled","ast-breadcrumbs-content":"","ast-featured-img":"","footer-sml-layout":"","ast-disable-related-posts":"","theme-transparent-header-meta":"","adv-header-id-meta":"","stick-header-meta":"","header-above-stick-meta":"","header-main-stick-meta":"","header-below-stick-meta":"","astra-migrate-meta-layouts":"default","ast-page-background-enabled":"default","ast-page-background-meta":{"desktop":{"background-color":"var(--ast-global-color-4)","background-image":"","background-repeat":"repeat","background-position":"center center","background-size":"auto","background-attachment":"scroll","background-type":"","background-media":"","overlay-type":"","overlay-color":"","overlay-opacity":"","overlay-gradient":""},"tablet":{"background-color":"","background-image":"","background-repeat":"repeat","background-position":"center center","background-size":"auto","background-attachment":"scroll","background-type":"","background-media":"","overlay-type":"","overlay-color":"","overlay-opacity":"","overlay-gradient":""},"mobile":{"background-color":"","background-image":"","background-repeat":"repeat","background-position":"center center","background-size":"auto","background-attachment":"scroll","background-type":"","background-media":"","overlay-type":"","overlay-color":"","overlay-opacity":"","overlay-gradient":""}},"ast-content-background-meta":{"desktop":{"background-color":"var(--ast-global-color-5)","background-image":"","background-repeat":"repeat","background-position":"center center","background-size":"auto","background-attachment":"scroll","background-type":"","background-media":"","overlay-type":"","overlay-color":"","overlay-opacity":"","overlay-gradient":""},"tablet":{"background-color":"var(--ast-global-color-5)","background-image":"","background-repeat":"repeat","background-position":"center center","background-size":"auto","background-attachment":"scroll","background-type":"","background-media":"","overlay-type":"","overlay-color":"","overlay-opacity":"","overlay-gradient":""},"mobile":{"background-color":"var(--ast-global-color-5)","background-image":"","background-repeat":"repeat","background-position":"center center","background-size":"auto","background-attachment":"scroll","background-type":"","background-media":"","overlay-type":"","overlay-color":"","overlay-opacity":"","overlay-gradient":""}},"footnotes":""},"class_list":["post-13","page","type-page","status-publish","hentry"],"acf":[],"_links":{"self":[{"href":"https:\/\/www.ernestodafonseca.com\/en\/wp-json\/wp\/v2\/pages\/13","targetHints":{"allow":["GET"]}}],"collection":[{"href":"https:\/\/www.ernestodafonseca.com\/en\/wp-json\/wp\/v2\/pages"}],"about":[{"href":"https:\/\/www.ernestodafonseca.com\/en\/wp-json\/wp\/v2\/types\/page"}],"author":[{"embeddable":true,"href":"https:\/\/www.ernestodafonseca.com\/en\/wp-json\/wp\/v2\/users\/2"}],"replies":[{"embeddable":true,"href":"https:\/\/www.ernestodafonseca.com\/en\/wp-json\/wp\/v2\/comments?post=13"}],"version-history":[{"count":456,"href":"https:\/\/www.ernestodafonseca.com\/en\/wp-json\/wp\/v2\/pages\/13\/revisions"}],"predecessor-version":[{"id":7501,"href":"https:\/\/www.ernestodafonseca.com\/en\/wp-json\/wp\/v2\/pages\/13\/revisions\/7501"}],"wp:attachment":[{"href":"https:\/\/www.ernestodafonseca.com\/en\/wp-json\/wp\/v2\/media?parent=13"}],"curies":[{"name":"wp","href":"https:\/\/api.w.org\/{rel}","templated":true}]}}