{"id":2977,"date":"2022-10-24T10:51:07","date_gmt":"2022-10-24T10:51:07","guid":{"rendered":"https:\/\/dev.ernestodafonseca.com\/?page_id=2977"},"modified":"2023-08-07T18:37:38","modified_gmt":"2023-08-07T18:37:38","slug":"imoveis","status":"publish","type":"page","link":"https:\/\/www.ernestodafonseca.com\/en\/imoveis\/","title":{"rendered":"Real estate"},"content":{"rendered":"<div data-elementor-type=\"wp-page\" data-elementor-id=\"2977\" class=\"elementor elementor-2977\">\n\t\t\t\t\t\t<section class=\"elementor-section elementor-top-section elementor-element elementor-element-12d85df elementor-hidden-mobile elementor-section-boxed elementor-section-height-default elementor-section-height-default\" data-id=\"12d85df\" data-element_type=\"section\" data-e-type=\"section\" data-settings=\"{&quot;shape_divider_bottom&quot;:&quot;triangle-asymmetrical&quot;}\">\n\t\t\t\t\t\t\t<div class=\"elementor-background-overlay\"><\/div>\n\t\t\t\t\t\t<div class=\"elementor-shape elementor-shape-bottom\" aria-hidden=\"true\" data-negative=\"false\">\n\t\t\t<svg xmlns=\"http:\/\/www.w3.org\/2000\/svg\" viewbox=\"0 0 1000 100\" preserveaspectratio=\"none\">\n\t<path class=\"elementor-shape-fill\" d=\"M738,99l262-93V0H0v5.6L738,99z\"\/>\n<\/svg>\t\t<\/div>\n\t\t\t\t\t<div class=\"elementor-container elementor-column-gap-default\">\n\t\t\t\t\t<div class=\"elementor-column elementor-col-50 elementor-top-column elementor-element elementor-element-f7b41f7\" data-id=\"f7b41f7\" data-element_type=\"column\" data-e-type=\"column\">\n\t\t\t<div class=\"elementor-widget-wrap elementor-element-populated\">\n\t\t\t\t\t\t<div class=\"elementor-element elementor-element-daa433c elementor-widget elementor-widget-image\" data-id=\"daa433c\" data-element_type=\"widget\" data-e-type=\"widget\" data-widget_type=\"image.default\">\n\t\t\t\t<div class=\"elementor-widget-container\">\n\t\t\t\t\t\t\t\t\t\t\t\t\t\t\t<img fetchpriority=\"high\" decoding=\"async\" width=\"571\" height=\"1024\" src=\"https:\/\/www.ernestodafonseca.com\/wp-content\/uploads\/2022\/10\/corte15b-571x1024.png\" class=\"attachment-large size-large wp-image-2981\" alt=\"\" srcset=\"https:\/\/www.ernestodafonseca.com\/wp-content\/uploads\/2022\/10\/corte15b-571x1024.png 571w, https:\/\/www.ernestodafonseca.com\/wp-content\/uploads\/2022\/10\/corte15b-167x300.png 167w, https:\/\/www.ernestodafonseca.com\/wp-content\/uploads\/2022\/10\/corte15b.png 602w\" sizes=\"(max-width: 571px) 100vw, 571px\" title=\"\">\t\t\t\t\t\t\t\t\t\t\t\t\t\t\t<\/div>\n\t\t\t\t<\/div>\n\t\t\t\t\t<\/div>\n\t\t<\/div>\n\t\t\t\t<div class=\"elementor-column elementor-col-50 elementor-top-column elementor-element elementor-element-827d42a\" data-id=\"827d42a\" data-element_type=\"column\" data-e-type=\"column\">\n\t\t\t<div class=\"elementor-widget-wrap elementor-element-populated\">\n\t\t\t\t\t\t<div class=\"elementor-element elementor-element-f71baea elementor-widget elementor-widget-heading\" data-id=\"f71baea\" data-element_type=\"widget\" data-e-type=\"widget\" data-widget_type=\"heading.default\">\n\t\t\t\t<div class=\"elementor-widget-container\">\n\t\t\t\t\t<h2 class=\"elementor-heading-title elementor-size-default\">My real estate<\/h2>\t\t\t\t<\/div>\n\t\t\t\t<\/div>\n\t\t\t\t\t<\/div>\n\t\t<\/div>\n\t\t\t\t\t<\/div>\n\t\t<\/section>\n\t\t\t\t<section class=\"elementor-section elementor-top-section elementor-element elementor-element-5a613fc elementor-section-height-full elementor-section-items-top elementor-section-content-top elementor-section-stretched elementor-reverse-mobile elementor-hidden-desktop elementor-hidden-tablet elementor-section-boxed elementor-section-height-default\" data-id=\"5a613fc\" data-element_type=\"section\" data-e-type=\"section\" data-settings=\"{&quot;shape_divider_bottom&quot;:&quot;triangle-asymmetrical&quot;,&quot;stretch_section&quot;:&quot;section-stretched&quot;}\">\n\t\t\t\t\t\t\t<div class=\"elementor-background-overlay\"><\/div>\n\t\t\t\t\t\t<div class=\"elementor-shape elementor-shape-bottom\" aria-hidden=\"true\" data-negative=\"false\">\n\t\t\t<svg xmlns=\"http:\/\/www.w3.org\/2000\/svg\" viewbox=\"0 0 1000 100\" preserveaspectratio=\"none\">\n\t<path class=\"elementor-shape-fill\" d=\"M738,99l262-93V0H0v5.6L738,99z\"\/>\n<\/svg>\t\t<\/div>\n\t\t\t\t\t<div class=\"elementor-container elementor-column-gap-default\">\n\t\t\t\t\t<div class=\"elementor-column elementor-col-50 elementor-top-column elementor-element elementor-element-d99de3b\" data-id=\"d99de3b\" data-element_type=\"column\" data-e-type=\"column\">\n\t\t\t<div class=\"elementor-widget-wrap elementor-element-populated\">\n\t\t\t\t\t\t<div class=\"elementor-element elementor-element-9d437c3 elementor-widget elementor-widget-image\" data-id=\"9d437c3\" data-element_type=\"widget\" data-e-type=\"widget\" data-widget_type=\"image.default\">\n\t\t\t\t<div class=\"elementor-widget-container\">\n\t\t\t\t\t\t\t\t\t\t\t\t\t\t\t<img fetchpriority=\"high\" decoding=\"async\" width=\"571\" height=\"1024\" src=\"https:\/\/www.ernestodafonseca.com\/wp-content\/uploads\/2022\/10\/corte15b-571x1024.png\" class=\"attachment-large size-large wp-image-2981\" alt=\"\" srcset=\"https:\/\/www.ernestodafonseca.com\/wp-content\/uploads\/2022\/10\/corte15b-571x1024.png 571w, https:\/\/www.ernestodafonseca.com\/wp-content\/uploads\/2022\/10\/corte15b-167x300.png 167w, https:\/\/www.ernestodafonseca.com\/wp-content\/uploads\/2022\/10\/corte15b.png 602w\" sizes=\"(max-width: 571px) 100vw, 571px\" title=\"\">\t\t\t\t\t\t\t\t\t\t\t\t\t\t\t<\/div>\n\t\t\t\t<\/div>\n\t\t\t\t\t<\/div>\n\t\t<\/div>\n\t\t\t\t<div class=\"elementor-column elementor-col-50 elementor-top-column elementor-element elementor-element-b2cb33e\" data-id=\"b2cb33e\" data-element_type=\"column\" data-e-type=\"column\">\n\t\t\t<div class=\"elementor-widget-wrap elementor-element-populated\">\n\t\t\t\t\t\t<div class=\"elementor-element elementor-element-e4125f9 elementor-widget elementor-widget-heading\" data-id=\"e4125f9\" data-element_type=\"widget\" data-e-type=\"widget\" data-widget_type=\"heading.default\">\n\t\t\t\t<div class=\"elementor-widget-container\">\n\t\t\t\t\t<h2 class=\"elementor-heading-title elementor-size-default\">My real estate<\/h2>\t\t\t\t<\/div>\n\t\t\t\t<\/div>\n\t\t\t\t\t<\/div>\n\t\t<\/div>\n\t\t\t\t\t<\/div>\n\t\t<\/section>\n\t\t\t\t<section class=\"elementor-section elementor-top-section elementor-element elementor-element-083abbd elementor-section-boxed elementor-section-height-default elementor-section-height-default\" data-id=\"083abbd\" data-element_type=\"section\" data-e-type=\"section\">\n\t\t\t\t\t\t<div class=\"elementor-container elementor-column-gap-default\">\n\t\t\t\t\t<div class=\"elementor-column elementor-col-100 elementor-top-column elementor-element elementor-element-053a767\" data-id=\"053a767\" data-element_type=\"column\" data-e-type=\"column\">\n\t\t\t<div class=\"elementor-widget-wrap elementor-element-populated\">\n\t\t\t\t\t\t<div class=\"elementor-element elementor-element-3fc5126 uael-post__link-complete-yes uael-equal__height-yes uael-post__cta-fullwidth-yes uael-posts-thumbnail-ratio uael-post__content-align-left elementor-widget elementor-widget-uael-posts\" data-id=\"3fc5126\" data-element_type=\"widget\" data-e-type=\"widget\" data-settings=\"{&quot;business_slides_to_show&quot;:3,&quot;business_slides_to_show_tablet&quot;:2,&quot;business_slides_to_show_mobile&quot;:1,&quot;business_pagination_type&quot;:&quot;ajax&quot;}\" data-widget_type=\"uael-posts.business\">\n\t\t\t\t<div class=\"elementor-widget-container\">\n\t\t\t\t\t\t\t<div class=\"uael-post__header\">\r\n\t\t\t\t\t<div class=\"uael-post__header-filters-wrap uael-posts-tabs-dropdown\">\r\n\t\t\t<ul class=\"uael-post__header-filters\" aria-label=\"Taxonomy Filter\">\r\n\t\t\t\t<li class=\"uael-post__header-filter uael-filter__current\" data-filter=\"*\">All<\/li>\r\n\t\t\t\t\t\t\t\t<li class=\"uael-post__header-filter\" data-filter=\".arrendado\" tabindex=\"0\">Lease<\/li>\r\n\t\t\t\t\t\t\t\t<li class=\"uael-post__header-filter\" data-filter=\".venda\" tabindex=\"0\">For sale<\/li>\r\n\t\t\t\t\t\t\t\t<li class=\"uael-post__header-filter\" data-filter=\".vendido\" tabindex=\"0\">Sold<\/li>\r\n\t\t\t\t\t\t\t<\/ul>\r\n\r\n\t\t\t\t\t\t\t<div class=\"uael-filters-dropdown\">\r\n\t\t\t\t\t<div class=\"uael-filters-dropdown-button\">All<i class=\"fa fa-angle-down\"><\/i><\/div>\r\n\r\n\t\t\t\t\t<ul class=\"uael-filters-dropdown-list uael-post__header-filters\">\r\n\t\t\t\t\t\t<li class=\"uael-filters-dropdown-item uael-post__header-filter uael-filter__current\" data-filter=\"*\">All<\/li>\r\n\t\t\t\t\t\t\t\t\t\t\t\t<li class=\"uael-filters-dropdown-item uael-post__header-filter\" data-filter=\".arrendado\">Lease<\/li>\r\n\t\t\t\t\t\t\t\t\t\t\t\t<li class=\"uael-filters-dropdown-item uael-post__header-filter\" data-filter=\".venda\">For sale<\/li>\r\n\t\t\t\t\t\t\t\t\t\t\t\t<li class=\"uael-filters-dropdown-item uael-post__header-filter\" data-filter=\".vendido\">Sold<\/li>\r\n\t\t\t\t\t\t\t\t\t\t\t<\/ul>\r\n\t\t\t\t<\/div>\r\n\t\t\t\t\t<\/div>\r\n\t\t\t\t<\/div>\r\n\t\t<div class=\"uael-post__body\">\r\n\t\t\t\r\n\t\t\r\n\t\t<div class=\"uael-blog-terms-position-media uael-post-image-top uael-post-grid uael-posts\" data-query-type=\"custom\" data-structure=\"normal\" data-layout=\"\" data-page=\"2977\" data-skin=\"business\" data-filter-default=\"Todos\" data-offset-top=\"30\" >\r\n\r\n\t\t\t\t\t\t\t<div class=\"uael-post-grid__inner uael-post__columns-3 uael-post__columns-tablet-2 uael-post__columns-mobile-1\">\r\n\t\t\t\r\n<div class=\"uael-post-wrapper venda\">\r\n\t<div class=\"uael-post__bg-wrap\">\r\n\r\n\t\t\t\t\t<a href=\"https:\/\/www.ernestodafonseca.com\/en\/imovel\/vende-se-apartamento-t3-duplex-rua-da-quinta-do-charquinho-32-lisboa\/\" target=\"_self\" class=\"uael-post__complete-box-overlay\" aria-label=\"Link Complete Box\"><\/a>\r\n\t\t\t\t\r\n\t\t<div class=\"uael-post__inner-wrap\">\r\n\r\n\t\t\t\t<div class=\"uael-post__thumbnail\">\r\n\t\t\t\r\n\t\t\t<a href=\"https:\/\/www.ernestodafonseca.com\/en\/imovel\/vende-se-apartamento-t3-duplex-rua-da-quinta-do-charquinho-32-lisboa\/\" target=\"_self\" title=\"For sale Apartment 3 bedroom Duplex, the Street of the Quinta do Charquinho, 32, Lisbon, portugal\"><img decoding=\"async\" width=\"768\" height=\"512\" src=\"https:\/\/www.ernestodafonseca.com\/wp-content\/uploads\/2026\/04\/10-768x512.jpg\" class=\"attachment-medium_large size-medium_large wp-image-7506\" alt=\"\" title=\"\" srcset=\"https:\/\/www.ernestodafonseca.com\/wp-content\/uploads\/2026\/04\/10-768x512.jpg 768w, https:\/\/www.ernestodafonseca.com\/wp-content\/uploads\/2026\/04\/10-300x200.jpg 300w, https:\/\/www.ernestodafonseca.com\/wp-content\/uploads\/2026\/04\/10-1024x683.jpg 1024w, https:\/\/www.ernestodafonseca.com\/wp-content\/uploads\/2026\/04\/10-1536x1024.jpg 1536w, https:\/\/www.ernestodafonseca.com\/wp-content\/uploads\/2026\/04\/10-18x12.jpg 18w, https:\/\/www.ernestodafonseca.com\/wp-content\/uploads\/2026\/04\/10.jpg 1920w\" sizes=\"(max-width: 768px) 100vw, 768px\" \/><\/a>\r\n\t\t\t<span class=\"uael-post__terms\"><span class=\"uael-listing__terms-link\">Lisbon<\/span><span class=\"uael-listing__terms-link\">For sale<\/span><\/span>\t\t<\/div>\r\n\t\t\r\n\t\t\t\r\n\t\t\t<div class=\"uael-post__content-wrap\">\r\n\t\t\t\t\t\t<h5 class=\"uael-post__title\">\r\n\r\n\t\t\r\n\t\t\t\t\t\t<a href=\"https:\/\/www.ernestodafonseca.com\/en\/imovel\/vende-se-apartamento-t3-duplex-rua-da-quinta-do-charquinho-32-lisboa\/\" target=\"_self\">\r\n\t\t\t\tFor sale Apartment 3 bedroom Duplex, the Street of the Quinta do Charquinho, 32, Lisbon, portugal\t\t\t<\/a>\r\n\r\n\t\t\t\t<\/h5>\r\n\t\t<div class=\"uael-post__separator-wrap\"><div class=\"uael-post__separator uael-post__gradient-separator\"><\/div><\/div>\t\t\t<a class=\"uael-post__read-more elementor-button\" href=\"https:\/\/www.ernestodafonseca.com\/en\/imovel\/vende-se-apartamento-t3-duplex-rua-da-quinta-do-charquinho-32-lisboa\/\" target=\"_self\" aria-labelledby=\"uael-post-7505\">\r\n\t\t\t\t\t<span class=\"elementor-button-content-wrapper\">\r\n\t\t\t\t\t\t\t\t\t\t\t\t\t\t<span class=\"elementor-button-icon elementor-align-icon-left\">\r\n\r\n\t\t\t\t\t\t\t\t\t\r\n\t\t\t\t\t\t\t\t<\/span>\r\n\t\t\t\t\t\t\t\t\t\t\t\t\t\r\n\t\t\t\t\t\t<span class=\"elementor-button-text\" id=\"uael-post-7505\">See The Property<\/span>\r\n\t\t\t\t\t<\/span>\r\n\t\t\t\t<\/a>\r\n\t\t\t\t\t\t<\/div>\r\n\t\t\t\r\n\t\t<\/div>\r\n\t\t\r\n\t<\/div>\r\n\r\n<\/div>\r\n\r\n<div class=\"uael-post-wrapper venda\">\r\n\t<div class=\"uael-post__bg-wrap\">\r\n\r\n\t\t\t\t\t<a href=\"https:\/\/www.ernestodafonseca.com\/en\/imovel\/vende-se-apartamento-t2-estefania-predio-de-charme-pronto-a-usar\/\" target=\"_self\" class=\"uael-post__complete-box-overlay\" aria-label=\"Link Complete Box\"><\/a>\r\n\t\t\t\t\r\n\t\t<div class=\"uael-post__inner-wrap\">\r\n\r\n\t\t\t\t<div class=\"uael-post__thumbnail\">\r\n\t\t\t\r\n\t\t\t<a href=\"https:\/\/www.ernestodafonseca.com\/en\/imovel\/vende-se-apartamento-t2-estefania-predio-de-charme-pronto-a-usar\/\" target=\"_self\" title=\"2-bedroom apartment for sale in Estef\u00e2nia, charming building, ready to move in\"><img decoding=\"async\" width=\"768\" height=\"512\" src=\"https:\/\/www.ernestodafonseca.com\/wp-content\/uploads\/2026\/01\/10-768x512.jpg\" class=\"attachment-medium_large size-medium_large wp-image-7463\" alt=\"\" title=\"\" srcset=\"https:\/\/www.ernestodafonseca.com\/wp-content\/uploads\/2026\/01\/10-768x512.jpg 768w, https:\/\/www.ernestodafonseca.com\/wp-content\/uploads\/2026\/01\/10-300x200.jpg 300w, https:\/\/www.ernestodafonseca.com\/wp-content\/uploads\/2026\/01\/10-1024x683.jpg 1024w, https:\/\/www.ernestodafonseca.com\/wp-content\/uploads\/2026\/01\/10-1536x1024.jpg 1536w, https:\/\/www.ernestodafonseca.com\/wp-content\/uploads\/2026\/01\/10-18x12.jpg 18w, https:\/\/www.ernestodafonseca.com\/wp-content\/uploads\/2026\/01\/10.jpg 1920w\" sizes=\"(max-width: 768px) 100vw, 768px\" \/><\/a>\r\n\t\t\t<span class=\"uael-post__terms\"><span class=\"uael-listing__terms-link\">Lisbon<\/span><span class=\"uael-listing__terms-link\">For sale<\/span><\/span>\t\t<\/div>\r\n\t\t\r\n\t\t\t\r\n\t\t\t<div class=\"uael-post__content-wrap\">\r\n\t\t\t\t\t\t<h5 class=\"uael-post__title\">\r\n\r\n\t\t\r\n\t\t\t\t\t\t<a href=\"https:\/\/www.ernestodafonseca.com\/en\/imovel\/vende-se-apartamento-t2-estefania-predio-de-charme-pronto-a-usar\/\" target=\"_self\">\r\n\t\t\t\t2-bedroom apartment for sale in Estef\u00e2nia, charming building, ready to move in\t\t\t<\/a>\r\n\r\n\t\t\t\t<\/h5>\r\n\t\t<div class=\"uael-post__separator-wrap\"><div class=\"uael-post__separator uael-post__gradient-separator\"><\/div><\/div>\t\t\t<a class=\"uael-post__read-more elementor-button\" href=\"https:\/\/www.ernestodafonseca.com\/en\/imovel\/vende-se-apartamento-t2-estefania-predio-de-charme-pronto-a-usar\/\" target=\"_self\" aria-labelledby=\"uael-post-7462\">\r\n\t\t\t\t\t<span class=\"elementor-button-content-wrapper\">\r\n\t\t\t\t\t\t\t\t\t\t\t\t\t\t<span class=\"elementor-button-icon elementor-align-icon-left\">\r\n\r\n\t\t\t\t\t\t\t\t\t\r\n\t\t\t\t\t\t\t\t<\/span>\r\n\t\t\t\t\t\t\t\t\t\t\t\t\t\r\n\t\t\t\t\t\t<span class=\"elementor-button-text\" id=\"uael-post-7462\">See The Property<\/span>\r\n\t\t\t\t\t<\/span>\r\n\t\t\t\t<\/a>\r\n\t\t\t\t\t\t<\/div>\r\n\t\t\t\r\n\t\t<\/div>\r\n\t\t\r\n\t<\/div>\r\n\r\n<\/div>\r\n\r\n<div class=\"uael-post-wrapper venda\">\r\n\t<div class=\"uael-post__bg-wrap\">\r\n\r\n\t\t\t\t\t<a href=\"https:\/\/www.ernestodafonseca.com\/en\/imovel\/vende-se-no-barreiro-moradia-unifamiliar-t7-com-3-pisos-com-piscina-logradouro-garagem-e-anexos\/\" target=\"_self\" class=\"uael-post__complete-box-overlay\" aria-label=\"Link Complete Box\"><\/a>\r\n\t\t\t\t\r\n\t\t<div class=\"uael-post__inner-wrap\">\r\n\r\n\t\t\t\t<div class=\"uael-post__thumbnail\">\r\n\t\t\t\r\n\t\t\t<a href=\"https:\/\/www.ernestodafonseca.com\/en\/imovel\/vende-se-no-barreiro-moradia-unifamiliar-t7-com-3-pisos-com-piscina-logradouro-garagem-e-anexos\/\" target=\"_self\" title=\"For sale in Barreiro, a 7-bedroom detached house with 3 floors, with swimming pool, patio, garage and outbuildings.\"><img loading=\"lazy\" decoding=\"async\" width=\"768\" height=\"512\" src=\"https:\/\/www.ernestodafonseca.com\/wp-content\/uploads\/2025\/11\/10-768x512.jpg\" class=\"attachment-medium_large size-medium_large wp-image-7405\" alt=\"\" title=\"\" srcset=\"https:\/\/www.ernestodafonseca.com\/wp-content\/uploads\/2025\/11\/10-768x512.jpg 768w, https:\/\/www.ernestodafonseca.com\/wp-content\/uploads\/2025\/11\/10-300x200.jpg 300w, https:\/\/www.ernestodafonseca.com\/wp-content\/uploads\/2025\/11\/10-1024x683.jpg 1024w, https:\/\/www.ernestodafonseca.com\/wp-content\/uploads\/2025\/11\/10-1536x1024.jpg 1536w, https:\/\/www.ernestodafonseca.com\/wp-content\/uploads\/2025\/11\/10-18x12.jpg 18w, https:\/\/www.ernestodafonseca.com\/wp-content\/uploads\/2025\/11\/10.jpg 1920w\" sizes=\"(max-width: 768px) 100vw, 768px\" \/><\/a>\r\n\t\t\t<span class=\"uael-post__terms\"><span class=\"uael-listing__terms-link\">By<\/span><span class=\"uael-listing__terms-link\">For sale<\/span><\/span>\t\t<\/div>\r\n\t\t\r\n\t\t\t\r\n\t\t\t<div class=\"uael-post__content-wrap\">\r\n\t\t\t\t\t\t<h5 class=\"uael-post__title\">\r\n\r\n\t\t\r\n\t\t\t\t\t\t<a href=\"https:\/\/www.ernestodafonseca.com\/en\/imovel\/vende-se-no-barreiro-moradia-unifamiliar-t7-com-3-pisos-com-piscina-logradouro-garagem-e-anexos\/\" target=\"_self\">\r\n\t\t\t\tFor sale in Barreiro, a 7-bedroom detached house with 3 floors, with swimming pool, patio, garage and outbuildings.\t\t\t<\/a>\r\n\r\n\t\t\t\t<\/h5>\r\n\t\t<div class=\"uael-post__separator-wrap\"><div class=\"uael-post__separator uael-post__gradient-separator\"><\/div><\/div>\t\t\t<a class=\"uael-post__read-more elementor-button\" href=\"https:\/\/www.ernestodafonseca.com\/en\/imovel\/vende-se-no-barreiro-moradia-unifamiliar-t7-com-3-pisos-com-piscina-logradouro-garagem-e-anexos\/\" target=\"_self\" aria-labelledby=\"uael-post-7404\">\r\n\t\t\t\t\t<span class=\"elementor-button-content-wrapper\">\r\n\t\t\t\t\t\t\t\t\t\t\t\t\t\t<span class=\"elementor-button-icon elementor-align-icon-left\">\r\n\r\n\t\t\t\t\t\t\t\t\t\r\n\t\t\t\t\t\t\t\t<\/span>\r\n\t\t\t\t\t\t\t\t\t\t\t\t\t\r\n\t\t\t\t\t\t<span class=\"elementor-button-text\" id=\"uael-post-7404\">See The Property<\/span>\r\n\t\t\t\t\t<\/span>\r\n\t\t\t\t<\/a>\r\n\t\t\t\t\t\t<\/div>\r\n\t\t\t\r\n\t\t<\/div>\r\n\t\t\r\n\t<\/div>\r\n\r\n<\/div>\r\n\r\n<div class=\"uael-post-wrapper vendido\">\r\n\t<div class=\"uael-post__bg-wrap\">\r\n\r\n\t\t\t\t\t<a href=\"https:\/\/www.ernestodafonseca.com\/en\/imovel\/vende-se-t2-completamente-novo-lumiar-vista-soberba-garagem\/\" target=\"_self\" class=\"uael-post__complete-box-overlay\" aria-label=\"Link Complete Box\"><\/a>\r\n\t\t\t\t\r\n\t\t<div class=\"uael-post__inner-wrap\">\r\n\r\n\t\t\t\t<div class=\"uael-post__thumbnail\">\r\n\t\t\t\r\n\t\t\t<a href=\"https:\/\/www.ernestodafonseca.com\/en\/imovel\/vende-se-t2-completamente-novo-lumiar-vista-soberba-garagem\/\" target=\"_self\" title=\"Vende-se T2, completamente Novo, Lumiar, vista soberba, garagem\"><img loading=\"lazy\" decoding=\"async\" width=\"768\" height=\"512\" src=\"https:\/\/www.ernestodafonseca.com\/wp-content\/uploads\/2025\/10\/10-768x512.jpg\" class=\"attachment-medium_large size-medium_large wp-image-7362\" alt=\"\" title=\"\" srcset=\"https:\/\/www.ernestodafonseca.com\/wp-content\/uploads\/2025\/10\/10-768x512.jpg 768w, https:\/\/www.ernestodafonseca.com\/wp-content\/uploads\/2025\/10\/10-300x200.jpg 300w, https:\/\/www.ernestodafonseca.com\/wp-content\/uploads\/2025\/10\/10-1024x683.jpg 1024w, https:\/\/www.ernestodafonseca.com\/wp-content\/uploads\/2025\/10\/10-1536x1024.jpg 1536w, https:\/\/www.ernestodafonseca.com\/wp-content\/uploads\/2025\/10\/10-18x12.jpg 18w, https:\/\/www.ernestodafonseca.com\/wp-content\/uploads\/2025\/10\/10.jpg 1920w\" sizes=\"(max-width: 768px) 100vw, 768px\" \/><\/a>\r\n\t\t\t<span class=\"uael-post__terms\"><span class=\"uael-listing__terms-link\">Lumiar<\/span><span class=\"uael-listing__terms-link\">Sold<\/span><\/span>\t\t<\/div>\r\n\t\t\r\n\t\t\t\r\n\t\t\t<div class=\"uael-post__content-wrap\">\r\n\t\t\t\t\t\t<h5 class=\"uael-post__title\">\r\n\r\n\t\t\r\n\t\t\t\t\t\t<a href=\"https:\/\/www.ernestodafonseca.com\/en\/imovel\/vende-se-t2-completamente-novo-lumiar-vista-soberba-garagem\/\" target=\"_self\">\r\n\t\t\t\tVende-se T2, completamente Novo, Lumiar, vista soberba, garagem\t\t\t<\/a>\r\n\r\n\t\t\t\t<\/h5>\r\n\t\t<div class=\"uael-post__separator-wrap\"><div class=\"uael-post__separator uael-post__gradient-separator\"><\/div><\/div>\t\t\t<a class=\"uael-post__read-more elementor-button\" href=\"https:\/\/www.ernestodafonseca.com\/en\/imovel\/vende-se-t2-completamente-novo-lumiar-vista-soberba-garagem\/\" target=\"_self\" aria-labelledby=\"uael-post-7361\">\r\n\t\t\t\t\t<span class=\"elementor-button-content-wrapper\">\r\n\t\t\t\t\t\t\t\t\t\t\t\t\t\t<span class=\"elementor-button-icon elementor-align-icon-left\">\r\n\r\n\t\t\t\t\t\t\t\t\t\r\n\t\t\t\t\t\t\t\t<\/span>\r\n\t\t\t\t\t\t\t\t\t\t\t\t\t\r\n\t\t\t\t\t\t<span class=\"elementor-button-text\" id=\"uael-post-7361\">See The Property<\/span>\r\n\t\t\t\t\t<\/span>\r\n\t\t\t\t<\/a>\r\n\t\t\t\t\t\t<\/div>\r\n\t\t\t\r\n\t\t<\/div>\r\n\t\t\r\n\t<\/div>\r\n\r\n<\/div>\r\n\r\n<div class=\"uael-post-wrapper vendido\">\r\n\t<div class=\"uael-post__bg-wrap\">\r\n\r\n\t\t\t\t\t<a href=\"https:\/\/www.ernestodafonseca.com\/en\/imovel\/vende-se-t4-parque-das-nacoes-arquitetura-de-assinatura-aires-mateus\/\" target=\"_self\" class=\"uael-post__complete-box-overlay\" aria-label=\"Link Complete Box\"><\/a>\r\n\t\t\t\t\r\n\t\t<div class=\"uael-post__inner-wrap\">\r\n\r\n\t\t\t\t<div class=\"uael-post__thumbnail\">\r\n\t\t\t\r\n\t\t\t<a href=\"https:\/\/www.ernestodafonseca.com\/en\/imovel\/vende-se-t4-parque-das-nacoes-arquitetura-de-assinatura-aires-mateus\/\" target=\"_self\" title=\"For sale 4 Bed apartment, Parque das Na\u00e7\u00f5es, Lisbon, Signed by architect Aires Mateus\"><img loading=\"lazy\" decoding=\"async\" width=\"768\" height=\"512\" src=\"https:\/\/www.ernestodafonseca.com\/wp-content\/uploads\/2025\/07\/10-1-768x512.jpg\" class=\"attachment-medium_large size-medium_large wp-image-7309\" alt=\"\" title=\"\" srcset=\"https:\/\/www.ernestodafonseca.com\/wp-content\/uploads\/2025\/07\/10-1-768x512.jpg 768w, https:\/\/www.ernestodafonseca.com\/wp-content\/uploads\/2025\/07\/10-1-300x200.jpg 300w, https:\/\/www.ernestodafonseca.com\/wp-content\/uploads\/2025\/07\/10-1-1024x683.jpg 1024w, https:\/\/www.ernestodafonseca.com\/wp-content\/uploads\/2025\/07\/10-1-1536x1024.jpg 1536w, https:\/\/www.ernestodafonseca.com\/wp-content\/uploads\/2025\/07\/10-1-18x12.jpg 18w, https:\/\/www.ernestodafonseca.com\/wp-content\/uploads\/2025\/07\/10-1.jpg 1920w\" sizes=\"(max-width: 768px) 100vw, 768px\" \/><\/a>\r\n\t\t\t<span class=\"uael-post__terms\"><span class=\"uael-listing__terms-link\">Lisbon<\/span><span class=\"uael-listing__terms-link\">Sold<\/span><\/span>\t\t<\/div>\r\n\t\t\r\n\t\t\t\r\n\t\t\t<div class=\"uael-post__content-wrap\">\r\n\t\t\t\t\t\t<h5 class=\"uael-post__title\">\r\n\r\n\t\t\r\n\t\t\t\t\t\t<a href=\"https:\/\/www.ernestodafonseca.com\/en\/imovel\/vende-se-t4-parque-das-nacoes-arquitetura-de-assinatura-aires-mateus\/\" target=\"_self\">\r\n\t\t\t\tFor sale 4 Bed apartment, Parque das Na\u00e7\u00f5es, Lisbon, Signed by architect Aires Mateus\t\t\t<\/a>\r\n\r\n\t\t\t\t<\/h5>\r\n\t\t<div class=\"uael-post__separator-wrap\"><div class=\"uael-post__separator uael-post__gradient-separator\"><\/div><\/div>\t\t\t<a class=\"uael-post__read-more elementor-button\" href=\"https:\/\/www.ernestodafonseca.com\/en\/imovel\/vende-se-t4-parque-das-nacoes-arquitetura-de-assinatura-aires-mateus\/\" target=\"_self\" aria-labelledby=\"uael-post-7308\">\r\n\t\t\t\t\t<span class=\"elementor-button-content-wrapper\">\r\n\t\t\t\t\t\t\t\t\t\t\t\t\t\t<span class=\"elementor-button-icon elementor-align-icon-left\">\r\n\r\n\t\t\t\t\t\t\t\t\t\r\n\t\t\t\t\t\t\t\t<\/span>\r\n\t\t\t\t\t\t\t\t\t\t\t\t\t\r\n\t\t\t\t\t\t<span class=\"elementor-button-text\" id=\"uael-post-7308\">See The Property<\/span>\r\n\t\t\t\t\t<\/span>\r\n\t\t\t\t<\/a>\r\n\t\t\t\t\t\t<\/div>\r\n\t\t\t\r\n\t\t<\/div>\r\n\t\t\r\n\t<\/div>\r\n\r\n<\/div>\r\n\r\n<div class=\"uael-post-wrapper vendido\">\r\n\t<div class=\"uael-post__bg-wrap\">\r\n\r\n\t\t\t\t\t<a href=\"https:\/\/www.ernestodafonseca.com\/en\/imovel\/vende-se-t3-jardim-quinta-da-alagoa-carcavelos-garagem-box-com-vista-tranquila\/\" target=\"_self\" class=\"uael-post__complete-box-overlay\" aria-label=\"Link Complete Box\"><\/a>\r\n\t\t\t\t\r\n\t\t<div class=\"uael-post__inner-wrap\">\r\n\r\n\t\t\t\t<div class=\"uael-post__thumbnail\">\r\n\t\t\t\r\n\t\t\t<a href=\"https:\/\/www.ernestodafonseca.com\/en\/imovel\/vende-se-t3-jardim-quinta-da-alagoa-carcavelos-garagem-box-com-vista-tranquila\/\" target=\"_self\" title=\"For sale 3-Bedroom Garden-Farmhouse on the Bay, Lisbon, Garage in a Box, with a view of the quiet\"><img loading=\"lazy\" decoding=\"async\" width=\"768\" height=\"512\" src=\"https:\/\/www.ernestodafonseca.com\/wp-content\/uploads\/2025\/07\/13-768x512.jpg\" class=\"attachment-medium_large size-medium_large wp-image-7275\" alt=\"\" title=\"\" srcset=\"https:\/\/www.ernestodafonseca.com\/wp-content\/uploads\/2025\/07\/13-768x512.jpg 768w, https:\/\/www.ernestodafonseca.com\/wp-content\/uploads\/2025\/07\/13-300x200.jpg 300w, https:\/\/www.ernestodafonseca.com\/wp-content\/uploads\/2025\/07\/13-1024x683.jpg 1024w, https:\/\/www.ernestodafonseca.com\/wp-content\/uploads\/2025\/07\/13-1536x1024.jpg 1536w, https:\/\/www.ernestodafonseca.com\/wp-content\/uploads\/2025\/07\/13-18x12.jpg 18w, https:\/\/www.ernestodafonseca.com\/wp-content\/uploads\/2025\/07\/13.jpg 1920w\" sizes=\"(max-width: 768px) 100vw, 768px\" \/><\/a>\r\n\t\t\t<span class=\"uael-post__terms\"><span class=\"uael-listing__terms-link\">Lisbon<\/span><span class=\"uael-listing__terms-link\">Sold<\/span><\/span>\t\t<\/div>\r\n\t\t\r\n\t\t\t\r\n\t\t\t<div class=\"uael-post__content-wrap\">\r\n\t\t\t\t\t\t<h5 class=\"uael-post__title\">\r\n\r\n\t\t\r\n\t\t\t\t\t\t<a href=\"https:\/\/www.ernestodafonseca.com\/en\/imovel\/vende-se-t3-jardim-quinta-da-alagoa-carcavelos-garagem-box-com-vista-tranquila\/\" target=\"_self\">\r\n\t\t\t\tFor sale 3-Bedroom Garden-Farmhouse on the Bay, Lisbon, Garage in a Box, with a view of the quiet\t\t\t<\/a>\r\n\r\n\t\t\t\t<\/h5>\r\n\t\t<div class=\"uael-post__separator-wrap\"><div class=\"uael-post__separator uael-post__gradient-separator\"><\/div><\/div>\t\t\t<a class=\"uael-post__read-more elementor-button\" href=\"https:\/\/www.ernestodafonseca.com\/en\/imovel\/vende-se-t3-jardim-quinta-da-alagoa-carcavelos-garagem-box-com-vista-tranquila\/\" target=\"_self\" aria-labelledby=\"uael-post-7271\">\r\n\t\t\t\t\t<span class=\"elementor-button-content-wrapper\">\r\n\t\t\t\t\t\t\t\t\t\t\t\t\t\t<span class=\"elementor-button-icon elementor-align-icon-left\">\r\n\r\n\t\t\t\t\t\t\t\t\t\r\n\t\t\t\t\t\t\t\t<\/span>\r\n\t\t\t\t\t\t\t\t\t\t\t\t\t\r\n\t\t\t\t\t\t<span class=\"elementor-button-text\" id=\"uael-post-7271\">See The Property<\/span>\r\n\t\t\t\t\t<\/span>\r\n\t\t\t\t<\/a>\r\n\t\t\t\t\t\t<\/div>\r\n\t\t\t\r\n\t\t<\/div>\r\n\t\t\r\n\t<\/div>\r\n\r\n<\/div>\r\n\r\n<div class=\"uael-post-wrapper arrendado\">\r\n\t<div class=\"uael-post__bg-wrap\">\r\n\r\n\t\t\t\t\t<a href=\"https:\/\/www.ernestodafonseca.com\/en\/imovel\/arrenda-se-t4-paco-de-arcos-garagem-vista\/\" target=\"_self\" class=\"uael-post__complete-box-overlay\" aria-label=\"Link Complete Box\"><\/a>\r\n\t\t\t\t\r\n\t\t<div class=\"uael-post__inner-wrap\">\r\n\r\n\t\t\t\t<div class=\"uael-post__thumbnail\">\r\n\t\t\t\r\n\t\t\t<a href=\"https:\/\/www.ernestodafonseca.com\/en\/imovel\/arrenda-se-t4-paco-de-arcos-garagem-vista\/\" target=\"_self\" title=\"To rent 4-Bedrooms, Pa\u00e7o de Arcos, a garage, views.\"><img loading=\"lazy\" decoding=\"async\" width=\"768\" height=\"512\" src=\"https:\/\/www.ernestodafonseca.com\/wp-content\/uploads\/2025\/06\/10-3-768x512.jpg\" class=\"attachment-medium_large size-medium_large wp-image-7224\" alt=\"\" title=\"\" srcset=\"https:\/\/www.ernestodafonseca.com\/wp-content\/uploads\/2025\/06\/10-3-768x512.jpg 768w, https:\/\/www.ernestodafonseca.com\/wp-content\/uploads\/2025\/06\/10-3-300x200.jpg 300w, https:\/\/www.ernestodafonseca.com\/wp-content\/uploads\/2025\/06\/10-3-1024x683.jpg 1024w, https:\/\/www.ernestodafonseca.com\/wp-content\/uploads\/2025\/06\/10-3-1536x1024.jpg 1536w, https:\/\/www.ernestodafonseca.com\/wp-content\/uploads\/2025\/06\/10-3-18x12.jpg 18w, https:\/\/www.ernestodafonseca.com\/wp-content\/uploads\/2025\/06\/10-3.jpg 1920w\" sizes=\"(max-width: 768px) 100vw, 768px\" \/><\/a>\r\n\t\t\t<span class=\"uael-post__terms\"><span class=\"uael-listing__terms-link\">Lease<\/span><span class=\"uael-listing__terms-link\">Portugal<\/span><\/span>\t\t<\/div>\r\n\t\t\r\n\t\t\t\r\n\t\t\t<div class=\"uael-post__content-wrap\">\r\n\t\t\t\t\t\t<h5 class=\"uael-post__title\">\r\n\r\n\t\t\r\n\t\t\t\t\t\t<a href=\"https:\/\/www.ernestodafonseca.com\/en\/imovel\/arrenda-se-t4-paco-de-arcos-garagem-vista\/\" target=\"_self\">\r\n\t\t\t\tTo rent 4-Bedrooms, Pa\u00e7o de Arcos, a garage, views.\t\t\t<\/a>\r\n\r\n\t\t\t\t<\/h5>\r\n\t\t<div class=\"uael-post__separator-wrap\"><div class=\"uael-post__separator uael-post__gradient-separator\"><\/div><\/div>\t\t\t<a class=\"uael-post__read-more elementor-button\" href=\"https:\/\/www.ernestodafonseca.com\/en\/imovel\/arrenda-se-t4-paco-de-arcos-garagem-vista\/\" target=\"_self\" aria-labelledby=\"uael-post-7223\">\r\n\t\t\t\t\t<span class=\"elementor-button-content-wrapper\">\r\n\t\t\t\t\t\t\t\t\t\t\t\t\t\t<span class=\"elementor-button-icon elementor-align-icon-left\">\r\n\r\n\t\t\t\t\t\t\t\t\t\r\n\t\t\t\t\t\t\t\t<\/span>\r\n\t\t\t\t\t\t\t\t\t\t\t\t\t\r\n\t\t\t\t\t\t<span class=\"elementor-button-text\" id=\"uael-post-7223\">See The Property<\/span>\r\n\t\t\t\t\t<\/span>\r\n\t\t\t\t<\/a>\r\n\t\t\t\t\t\t<\/div>\r\n\t\t\t\r\n\t\t<\/div>\r\n\t\t\r\n\t<\/div>\r\n\r\n<\/div>\r\n\r\n<div class=\"uael-post-wrapper vendido\">\r\n\t<div class=\"uael-post__bg-wrap\">\r\n\r\n\t\t\t\t\t<a href=\"https:\/\/www.ernestodafonseca.com\/en\/imovel\/moradia-t4-a-venda-na-rebelva-carcavelos\/\" target=\"_self\" class=\"uael-post__complete-box-overlay\" aria-label=\"Link Complete Box\"><\/a>\r\n\t\t\t\t\r\n\t\t<div class=\"uael-post__inner-wrap\">\r\n\r\n\t\t\t\t<div class=\"uael-post__thumbnail\">\r\n\t\t\t\r\n\t\t\t<a href=\"https:\/\/www.ernestodafonseca.com\/en\/imovel\/moradia-t4-a-venda-na-rebelva-carcavelos\/\" target=\"_self\" title=\"Villa with 4 bedrooms for sale in Rebelva \u2013 Lisbon\"><img loading=\"lazy\" decoding=\"async\" width=\"768\" height=\"512\" src=\"https:\/\/www.ernestodafonseca.com\/wp-content\/uploads\/2025\/06\/10-2-768x512.jpg\" class=\"attachment-medium_large size-medium_large wp-image-7172\" alt=\"\" title=\"\" srcset=\"https:\/\/www.ernestodafonseca.com\/wp-content\/uploads\/2025\/06\/10-2-768x512.jpg 768w, https:\/\/www.ernestodafonseca.com\/wp-content\/uploads\/2025\/06\/10-2-300x200.jpg 300w, https:\/\/www.ernestodafonseca.com\/wp-content\/uploads\/2025\/06\/10-2-1024x683.jpg 1024w, https:\/\/www.ernestodafonseca.com\/wp-content\/uploads\/2025\/06\/10-2-1536x1024.jpg 1536w, https:\/\/www.ernestodafonseca.com\/wp-content\/uploads\/2025\/06\/10-2-18x12.jpg 18w, https:\/\/www.ernestodafonseca.com\/wp-content\/uploads\/2025\/06\/10-2.jpg 1920w\" sizes=\"(max-width: 768px) 100vw, 768px\" \/><\/a>\r\n\t\t\t<span class=\"uael-post__terms\"><span class=\"uael-listing__terms-link\">Lisbon<\/span><span class=\"uael-listing__terms-link\">Sold<\/span><\/span>\t\t<\/div>\r\n\t\t\r\n\t\t\t\r\n\t\t\t<div class=\"uael-post__content-wrap\">\r\n\t\t\t\t\t\t<h5 class=\"uael-post__title\">\r\n\r\n\t\t\r\n\t\t\t\t\t\t<a href=\"https:\/\/www.ernestodafonseca.com\/en\/imovel\/moradia-t4-a-venda-na-rebelva-carcavelos\/\" target=\"_self\">\r\n\t\t\t\tVilla with 4 bedrooms for sale in Rebelva \u2013 Lisbon\t\t\t<\/a>\r\n\r\n\t\t\t\t<\/h5>\r\n\t\t<div class=\"uael-post__separator-wrap\"><div class=\"uael-post__separator uael-post__gradient-separator\"><\/div><\/div>\t\t\t<a class=\"uael-post__read-more elementor-button\" href=\"https:\/\/www.ernestodafonseca.com\/en\/imovel\/moradia-t4-a-venda-na-rebelva-carcavelos\/\" target=\"_self\" aria-labelledby=\"uael-post-7171\">\r\n\t\t\t\t\t<span class=\"elementor-button-content-wrapper\">\r\n\t\t\t\t\t\t\t\t\t\t\t\t\t\t<span class=\"elementor-button-icon elementor-align-icon-left\">\r\n\r\n\t\t\t\t\t\t\t\t\t\r\n\t\t\t\t\t\t\t\t<\/span>\r\n\t\t\t\t\t\t\t\t\t\t\t\t\t\r\n\t\t\t\t\t\t<span class=\"elementor-button-text\" id=\"uael-post-7171\">See The Property<\/span>\r\n\t\t\t\t\t<\/span>\r\n\t\t\t\t<\/a>\r\n\t\t\t\t\t\t<\/div>\r\n\t\t\t\r\n\t\t<\/div>\r\n\t\t\r\n\t<\/div>\r\n\r\n<\/div>\r\n\r\n<div class=\"uael-post-wrapper arrendado\">\r\n\t<div class=\"uael-post__bg-wrap\">\r\n\r\n\t\t\t\t\t<a href=\"https:\/\/www.ernestodafonseca.com\/en\/imovel\/escritorio-em-open-space-completamente-remodelado-alges\/\" target=\"_self\" class=\"uael-post__complete-box-overlay\" aria-label=\"Link Complete Box\"><\/a>\r\n\t\t\t\t\r\n\t\t<div class=\"uael-post__inner-wrap\">\r\n\r\n\t\t\t\t<div class=\"uael-post__thumbnail\">\r\n\t\t\t\r\n\t\t\t<a href=\"https:\/\/www.ernestodafonseca.com\/en\/imovel\/escritorio-em-open-space-completamente-remodelado-alges\/\" target=\"_self\" title=\"Escrit\u00f3rio em Open Space, completamente remodelado, Alg\u00e9s.\"><img loading=\"lazy\" decoding=\"async\" width=\"768\" height=\"512\" src=\"https:\/\/www.ernestodafonseca.com\/wp-content\/uploads\/2025\/06\/10-768x512.jpg\" class=\"attachment-medium_large size-medium_large wp-image-7117\" alt=\"\" title=\"\" srcset=\"https:\/\/www.ernestodafonseca.com\/wp-content\/uploads\/2025\/06\/10-768x512.jpg 768w, https:\/\/www.ernestodafonseca.com\/wp-content\/uploads\/2025\/06\/10-300x200.jpg 300w, https:\/\/www.ernestodafonseca.com\/wp-content\/uploads\/2025\/06\/10-1024x683.jpg 1024w, https:\/\/www.ernestodafonseca.com\/wp-content\/uploads\/2025\/06\/10-1536x1024.jpg 1536w, https:\/\/www.ernestodafonseca.com\/wp-content\/uploads\/2025\/06\/10-18x12.jpg 18w, https:\/\/www.ernestodafonseca.com\/wp-content\/uploads\/2025\/06\/10.jpg 1680w\" sizes=\"(max-width: 768px) 100vw, 768px\" \/><\/a>\r\n\t\t\t<span class=\"uael-post__terms\"><span class=\"uael-listing__terms-link\">Alg\u00e9s<\/span><span class=\"uael-listing__terms-link\">Lease<\/span><\/span>\t\t<\/div>\r\n\t\t\r\n\t\t\t\r\n\t\t\t<div class=\"uael-post__content-wrap\">\r\n\t\t\t\t\t\t<h5 class=\"uael-post__title\">\r\n\r\n\t\t\r\n\t\t\t\t\t\t<a href=\"https:\/\/www.ernestodafonseca.com\/en\/imovel\/escritorio-em-open-space-completamente-remodelado-alges\/\" target=\"_self\">\r\n\t\t\t\tEscrit\u00f3rio em Open Space, completamente remodelado, Alg\u00e9s.\t\t\t<\/a>\r\n\r\n\t\t\t\t<\/h5>\r\n\t\t<div class=\"uael-post__separator-wrap\"><div class=\"uael-post__separator uael-post__gradient-separator\"><\/div><\/div>\t\t\t<a class=\"uael-post__read-more elementor-button\" href=\"https:\/\/www.ernestodafonseca.com\/en\/imovel\/escritorio-em-open-space-completamente-remodelado-alges\/\" target=\"_self\" aria-labelledby=\"uael-post-7116\">\r\n\t\t\t\t\t<span class=\"elementor-button-content-wrapper\">\r\n\t\t\t\t\t\t\t\t\t\t\t\t\t\t<span class=\"elementor-button-icon elementor-align-icon-left\">\r\n\r\n\t\t\t\t\t\t\t\t\t\r\n\t\t\t\t\t\t\t\t<\/span>\r\n\t\t\t\t\t\t\t\t\t\t\t\t\t\r\n\t\t\t\t\t\t<span class=\"elementor-button-text\" id=\"uael-post-7116\">See The Property<\/span>\r\n\t\t\t\t\t<\/span>\r\n\t\t\t\t<\/a>\r\n\t\t\t\t\t\t<\/div>\r\n\t\t\t\r\n\t\t<\/div>\r\n\t\t\r\n\t<\/div>\r\n\r\n<\/div>\r\n\r\n<div class=\"uael-post-wrapper vendido\">\r\n\t<div class=\"uael-post__bg-wrap\">\r\n\r\n\t\t\t\t\t<a href=\"https:\/\/www.ernestodafonseca.com\/en\/imovel\/apartamento-t2-com-garagem-box-em-perfeito-estado-sao-joao-dos-montes\/\" target=\"_self\" class=\"uael-post__complete-box-overlay\" aria-label=\"Link Complete Box\"><\/a>\r\n\t\t\t\t\r\n\t\t<div class=\"uael-post__inner-wrap\">\r\n\r\n\t\t\t\t<div class=\"uael-post__thumbnail\">\r\n\t\t\t\r\n\t\t\t<a href=\"https:\/\/www.ernestodafonseca.com\/en\/imovel\/apartamento-t2-com-garagem-box-em-perfeito-estado-sao-joao-dos-montes\/\" target=\"_self\" title=\"Apartamento T2, com garagem Box, em perfeito estado, S\u00e3o Jo\u00e3o dos Montes\"><img loading=\"lazy\" decoding=\"async\" width=\"768\" height=\"512\" src=\"https:\/\/www.ernestodafonseca.com\/wp-content\/uploads\/2025\/05\/10-768x512.jpg\" class=\"attachment-medium_large size-medium_large wp-image-7071\" alt=\"\" title=\"\" srcset=\"https:\/\/www.ernestodafonseca.com\/wp-content\/uploads\/2025\/05\/10-768x512.jpg 768w, https:\/\/www.ernestodafonseca.com\/wp-content\/uploads\/2025\/05\/10-300x200.jpg 300w, https:\/\/www.ernestodafonseca.com\/wp-content\/uploads\/2025\/05\/10-1024x683.jpg 1024w, https:\/\/www.ernestodafonseca.com\/wp-content\/uploads\/2025\/05\/10-1536x1024.jpg 1536w, https:\/\/www.ernestodafonseca.com\/wp-content\/uploads\/2025\/05\/10-18x12.jpg 18w, https:\/\/www.ernestodafonseca.com\/wp-content\/uploads\/2025\/05\/10.jpg 1920w\" sizes=\"(max-width: 768px) 100vw, 768px\" \/><\/a>\r\n\t\t\t<span class=\"uael-post__terms\"><span class=\"uael-listing__terms-link\">Alhandra<\/span><span class=\"uael-listing__terms-link\">Sold<\/span><\/span>\t\t<\/div>\r\n\t\t\r\n\t\t\t\r\n\t\t\t<div class=\"uael-post__content-wrap\">\r\n\t\t\t\t\t\t<h5 class=\"uael-post__title\">\r\n\r\n\t\t\r\n\t\t\t\t\t\t<a href=\"https:\/\/www.ernestodafonseca.com\/en\/imovel\/apartamento-t2-com-garagem-box-em-perfeito-estado-sao-joao-dos-montes\/\" target=\"_self\">\r\n\t\t\t\tApartamento T2, com garagem Box, em perfeito estado, S\u00e3o Jo\u00e3o dos Montes\t\t\t<\/a>\r\n\r\n\t\t\t\t<\/h5>\r\n\t\t<div class=\"uael-post__separator-wrap\"><div class=\"uael-post__separator uael-post__gradient-separator\"><\/div><\/div>\t\t\t<a class=\"uael-post__read-more elementor-button\" href=\"https:\/\/www.ernestodafonseca.com\/en\/imovel\/apartamento-t2-com-garagem-box-em-perfeito-estado-sao-joao-dos-montes\/\" target=\"_self\" aria-labelledby=\"uael-post-7070\">\r\n\t\t\t\t\t<span class=\"elementor-button-content-wrapper\">\r\n\t\t\t\t\t\t\t\t\t\t\t\t\t\t<span class=\"elementor-button-icon elementor-align-icon-left\">\r\n\r\n\t\t\t\t\t\t\t\t\t\r\n\t\t\t\t\t\t\t\t<\/span>\r\n\t\t\t\t\t\t\t\t\t\t\t\t\t\r\n\t\t\t\t\t\t<span class=\"elementor-button-text\" id=\"uael-post-7070\">See The Property<\/span>\r\n\t\t\t\t\t<\/span>\r\n\t\t\t\t<\/a>\r\n\t\t\t\t\t\t<\/div>\r\n\t\t\t\r\n\t\t<\/div>\r\n\t\t\r\n\t<\/div>\r\n\r\n<\/div>\r\n\r\n<div class=\"uael-post-wrapper venda\">\r\n\t<div class=\"uael-post__bg-wrap\">\r\n\r\n\t\t\t\t\t<a href=\"https:\/\/www.ernestodafonseca.com\/en\/imovel\/vende-se-escritorio-edificio-espaco-chiado-vista-rio-estacionamento-renovado\/\" target=\"_self\" class=\"uael-post__complete-box-overlay\" aria-label=\"Link Complete Box\"><\/a>\r\n\t\t\t\t\r\n\t\t<div class=\"uael-post__inner-wrap\">\r\n\r\n\t\t\t\t<div class=\"uael-post__thumbnail\">\r\n\t\t\t\r\n\t\t\t<a href=\"https:\/\/www.ernestodafonseca.com\/en\/imovel\/vende-se-escritorio-edificio-espaco-chiado-vista-rio-estacionamento-renovado\/\" target=\"_self\" title=\"For sale Office Building in espa\u00e7o Chiado, city View, parking space, renovated,\"><img loading=\"lazy\" decoding=\"async\" width=\"768\" height=\"512\" src=\"https:\/\/www.ernestodafonseca.com\/wp-content\/uploads\/2025\/04\/10-768x512.jpg\" class=\"attachment-medium_large size-medium_large wp-image-7021\" alt=\"\" title=\"\" srcset=\"https:\/\/www.ernestodafonseca.com\/wp-content\/uploads\/2025\/04\/10-768x512.jpg 768w, https:\/\/www.ernestodafonseca.com\/wp-content\/uploads\/2025\/04\/10-300x200.jpg 300w, https:\/\/www.ernestodafonseca.com\/wp-content\/uploads\/2025\/04\/10-1024x683.jpg 1024w, https:\/\/www.ernestodafonseca.com\/wp-content\/uploads\/2025\/04\/10-1536x1024.jpg 1536w, https:\/\/www.ernestodafonseca.com\/wp-content\/uploads\/2025\/04\/10.jpg 1920w\" sizes=\"(max-width: 768px) 100vw, 768px\" \/><\/a>\r\n\t\t\t<span class=\"uael-post__terms\"><span class=\"uael-listing__terms-link\">Lisbon<\/span><span class=\"uael-listing__terms-link\">For sale<\/span><\/span>\t\t<\/div>\r\n\t\t\r\n\t\t\t\r\n\t\t\t<div class=\"uael-post__content-wrap\">\r\n\t\t\t\t\t\t<h5 class=\"uael-post__title\">\r\n\r\n\t\t\r\n\t\t\t\t\t\t<a href=\"https:\/\/www.ernestodafonseca.com\/en\/imovel\/vende-se-escritorio-edificio-espaco-chiado-vista-rio-estacionamento-renovado\/\" target=\"_self\">\r\n\t\t\t\tFor sale Office Building in espa\u00e7o Chiado, city View, parking space, renovated,\t\t\t<\/a>\r\n\r\n\t\t\t\t<\/h5>\r\n\t\t<div class=\"uael-post__separator-wrap\"><div class=\"uael-post__separator uael-post__gradient-separator\"><\/div><\/div>\t\t\t<a class=\"uael-post__read-more elementor-button\" href=\"https:\/\/www.ernestodafonseca.com\/en\/imovel\/vende-se-escritorio-edificio-espaco-chiado-vista-rio-estacionamento-renovado\/\" target=\"_self\" aria-labelledby=\"uael-post-7020\">\r\n\t\t\t\t\t<span class=\"elementor-button-content-wrapper\">\r\n\t\t\t\t\t\t\t\t\t\t\t\t\t\t<span class=\"elementor-button-icon elementor-align-icon-left\">\r\n\r\n\t\t\t\t\t\t\t\t\t\r\n\t\t\t\t\t\t\t\t<\/span>\r\n\t\t\t\t\t\t\t\t\t\t\t\t\t\r\n\t\t\t\t\t\t<span class=\"elementor-button-text\" id=\"uael-post-7020\">See The Property<\/span>\r\n\t\t\t\t\t<\/span>\r\n\t\t\t\t<\/a>\r\n\t\t\t\t\t\t<\/div>\r\n\t\t\t\r\n\t\t<\/div>\r\n\t\t\r\n\t<\/div>\r\n\r\n<\/div>\r\n\r\n<div class=\"uael-post-wrapper vendido\">\r\n\t<div class=\"uael-post__bg-wrap\">\r\n\r\n\t\t\t\t\t<a href=\"https:\/\/www.ernestodafonseca.com\/en\/imovel\/vende-se-t1-novo-lumiar-vista-soberba-garagem\/\" target=\"_self\" class=\"uael-post__complete-box-overlay\" aria-label=\"Link Complete Box\"><\/a>\r\n\t\t\t\t\r\n\t\t<div class=\"uael-post__inner-wrap\">\r\n\r\n\t\t\t\t<div class=\"uael-post__thumbnail\">\r\n\t\t\t\r\n\t\t\t<a href=\"https:\/\/www.ernestodafonseca.com\/en\/imovel\/vende-se-t1-novo-lumiar-vista-soberba-garagem\/\" target=\"_self\" title=\"Sell-T1, brand-New, Lumiar, magnificent view, garage\"><img loading=\"lazy\" decoding=\"async\" width=\"768\" height=\"512\" src=\"https:\/\/www.ernestodafonseca.com\/wp-content\/uploads\/2025\/03\/10a-768x512.jpg\" class=\"attachment-medium_large size-medium_large wp-image-6948\" alt=\"\" title=\"\" srcset=\"https:\/\/www.ernestodafonseca.com\/wp-content\/uploads\/2025\/03\/10a-768x512.jpg 768w, https:\/\/www.ernestodafonseca.com\/wp-content\/uploads\/2025\/03\/10a-300x200.jpg 300w, https:\/\/www.ernestodafonseca.com\/wp-content\/uploads\/2025\/03\/10a-1024x683.jpg 1024w, https:\/\/www.ernestodafonseca.com\/wp-content\/uploads\/2025\/03\/10a-1536x1024.jpg 1536w, https:\/\/www.ernestodafonseca.com\/wp-content\/uploads\/2025\/03\/10a.jpg 1920w\" sizes=\"(max-width: 768px) 100vw, 768px\" \/><\/a>\r\n\t\t\t<span class=\"uael-post__terms\"><span class=\"uael-listing__terms-link\">Lisbon<\/span><span class=\"uael-listing__terms-link\">Sold<\/span><\/span>\t\t<\/div>\r\n\t\t\r\n\t\t\t\r\n\t\t\t<div class=\"uael-post__content-wrap\">\r\n\t\t\t\t\t\t<h5 class=\"uael-post__title\">\r\n\r\n\t\t\r\n\t\t\t\t\t\t<a href=\"https:\/\/www.ernestodafonseca.com\/en\/imovel\/vende-se-t1-novo-lumiar-vista-soberba-garagem\/\" target=\"_self\">\r\n\t\t\t\tSell-T1, brand-New, Lumiar, magnificent view, garage\t\t\t<\/a>\r\n\r\n\t\t\t\t<\/h5>\r\n\t\t<div class=\"uael-post__separator-wrap\"><div class=\"uael-post__separator uael-post__gradient-separator\"><\/div><\/div>\t\t\t<a class=\"uael-post__read-more elementor-button\" href=\"https:\/\/www.ernestodafonseca.com\/en\/imovel\/vende-se-t1-novo-lumiar-vista-soberba-garagem\/\" target=\"_self\" aria-labelledby=\"uael-post-6947\">\r\n\t\t\t\t\t<span class=\"elementor-button-content-wrapper\">\r\n\t\t\t\t\t\t\t\t\t\t\t\t\t\t<span class=\"elementor-button-icon elementor-align-icon-left\">\r\n\r\n\t\t\t\t\t\t\t\t\t\r\n\t\t\t\t\t\t\t\t<\/span>\r\n\t\t\t\t\t\t\t\t\t\t\t\t\t\r\n\t\t\t\t\t\t<span class=\"elementor-button-text\" id=\"uael-post-6947\">See The Property<\/span>\r\n\t\t\t\t\t<\/span>\r\n\t\t\t\t<\/a>\r\n\t\t\t\t\t\t<\/div>\r\n\t\t\t\r\n\t\t<\/div>\r\n\t\t\r\n\t<\/div>\r\n\r\n<\/div>\r\n\t\t\t\t<\/div>\r\n\t\t\t\t\t\t\r\n\t\t<\/div>\r\n\r\n\t\t\t\t\t\t<\/div>\r\n\t\t<div class=\"uael-post__footer\">\r\n\t\t\t\t\t\t<nav class=\"uael-grid-pagination\"  role=\"navigation\" aria-label=\"Pagination\" data-total=\"9\" data-next-page=\"2\">\r\n\t\t\t\t<span aria-current=\"page\" class=\"page-numbers current\">1<\/span>\n<a class=\"page-numbers\" href=\"https:\/\/www.ernestodafonseca.com\/en\/wp-json\/wp\/v2\/pages\/2977\/page\/2\/\">2<\/a>\n<a class=\"page-numbers\" href=\"https:\/\/www.ernestodafonseca.com\/en\/wp-json\/wp\/v2\/pages\/2977\/page\/3\/\">3<\/a>\n<span class=\"page-numbers dots\">&hellip;<\/span>\n<a class=\"page-numbers\" href=\"https:\/\/www.ernestodafonseca.com\/en\/wp-json\/wp\/v2\/pages\/2977\/page\/9\/\">9<\/a>\n<a class=\"next page-numbers\" href=\"https:\/\/www.ernestodafonseca.com\/en\/wp-json\/wp\/v2\/pages\/2977\/page\/2\/\">Next &raquo;<\/a>\t\t\t<\/nav>\r\n\t\t\t\t\t<\/div>\r\n\t\t\t\t\t\t<\/div>\n\t\t\t\t<\/div>\n\t\t\t\t\t<\/div>\n\t\t<\/div>\n\t\t\t\t\t<\/div>\n\t\t<\/section>\n\t\t\t\t<\/div>","protected":false},"excerpt":{"rendered":"<p>Os meus im\u00f3veis Os meus im\u00f3veis Todos Arrendado Reservado Venda Vendido Todos Todos Arrendado Reservado Venda Vendido LisboaVenda Apt\u00ba T1, totalmente remodelado, equipado e mobilado. Ver Im\u00f3vel LisboaVenda Apartamento T4, para remodela\u00e7\u00e3o total, Alvalade Ver Im\u00f3vel CascaisVenda Moradia T5, perfeitamente adaptada para mobilidade reduzida, Cascais Ver Im\u00f3vel AlvercaVenda Apartamento T2, Varandas, Centro Alverca, Renovado 2020 [&hellip;]<\/p>\n","protected":false},"author":2,"featured_media":0,"parent":0,"menu_order":0,"comment_status":"closed","ping_status":"closed","template":"","meta":{"site-sidebar-layout":"no-sidebar","site-content-layout":"page-builder","ast-site-content-layout":"default","site-content-style":"default","site-sidebar-style":"default","ast-global-header-display":"","ast-banner-title-visibility":"","ast-main-header-display":"","ast-hfb-above-header-display":"","ast-hfb-below-header-display":"","ast-hfb-mobile-header-display":"","site-post-title":"disabled","ast-breadcrumbs-content":"","ast-featured-img":"disabled","footer-sml-layout":"","ast-disable-related-posts":"","theme-transparent-header-meta":"","adv-header-id-meta":"","stick-header-meta":"","header-above-stick-meta":"","header-main-stick-meta":"","header-below-stick-meta":"","astra-migrate-meta-layouts":"default","ast-page-background-enabled":"default","ast-page-background-meta":{"desktop":{"background-color":"var(--ast-global-color-4)","background-image":"","background-repeat":"repeat","background-position":"center center","background-size":"auto","background-attachment":"scroll","background-type":"","background-media":"","overlay-type":"","overlay-color":"","overlay-opacity":"","overlay-gradient":""},"tablet":{"background-color":"","background-image":"","background-repeat":"repeat","background-position":"center center","background-size":"auto","background-attachment":"scroll","background-type":"","background-media":"","overlay-type":"","overlay-color":"","overlay-opacity":"","overlay-gradient":""},"mobile":{"background-color":"","background-image":"","background-repeat":"repeat","background-position":"center center","background-size":"auto","background-attachment":"scroll","background-type":"","background-media":"","overlay-type":"","overlay-color":"","overlay-opacity":"","overlay-gradient":""}},"ast-content-background-meta":{"desktop":{"background-color":"var(--ast-global-color-5)","background-image":"","background-repeat":"repeat","background-position":"center center","background-size":"auto","background-attachment":"scroll","background-type":"","background-media":"","overlay-type":"","overlay-color":"","overlay-opacity":"","overlay-gradient":""},"tablet":{"background-color":"var(--ast-global-color-5)","background-image":"","background-repeat":"repeat","background-position":"center center","background-size":"auto","background-attachment":"scroll","background-type":"","background-media":"","overlay-type":"","overlay-color":"","overlay-opacity":"","overlay-gradient":""},"mobile":{"background-color":"var(--ast-global-color-5)","background-image":"","background-repeat":"repeat","background-position":"center center","background-size":"auto","background-attachment":"scroll","background-type":"","background-media":"","overlay-type":"","overlay-color":"","overlay-opacity":"","overlay-gradient":""}},"footnotes":""},"class_list":["post-2977","page","type-page","status-publish","hentry"],"acf":[],"_links":{"self":[{"href":"https:\/\/www.ernestodafonseca.com\/en\/wp-json\/wp\/v2\/pages\/2977","targetHints":{"allow":["GET"]}}],"collection":[{"href":"https:\/\/www.ernestodafonseca.com\/en\/wp-json\/wp\/v2\/pages"}],"about":[{"href":"https:\/\/www.ernestodafonseca.com\/en\/wp-json\/wp\/v2\/types\/page"}],"author":[{"embeddable":true,"href":"https:\/\/www.ernestodafonseca.com\/en\/wp-json\/wp\/v2\/users\/2"}],"replies":[{"embeddable":true,"href":"https:\/\/www.ernestodafonseca.com\/en\/wp-json\/wp\/v2\/comments?post=2977"}],"version-history":[{"count":150,"href":"https:\/\/www.ernestodafonseca.com\/en\/wp-json\/wp\/v2\/pages\/2977\/revisions"}],"predecessor-version":[{"id":5444,"href":"https:\/\/www.ernestodafonseca.com\/en\/wp-json\/wp\/v2\/pages\/2977\/revisions\/5444"}],"wp:attachment":[{"href":"https:\/\/www.ernestodafonseca.com\/en\/wp-json\/wp\/v2\/media?parent=2977"}],"curies":[{"name":"wp","href":"https:\/\/api.w.org\/{rel}","templated":true}]}}